{"id":2642,"date":"2014-05-27T22:40:03","date_gmt":"2014-05-27T22:40:03","guid":{"rendered":"http:\/\/osnovnaskolakrk.hr\/malinska\/?page_id=2642"},"modified":"2020-02-11T20:51:39","modified_gmt":"2020-02-11T19:51:39","slug":"fotogalerije","status":"publish","type":"page","link":"https:\/\/osnovnaskolamalinskadubasnica.hr\/?page_id=2642","title":{"rendered":"Fotogalerije"},"content":{"rendered":"<p><a href=\"http:\/\/osnovnaskolamalinskadubasnica.hr\/?page_id=17431\"><img loading=\"lazy\" decoding=\"async\" class=\"alignleft wp-image-17433\" src=\"http:\/\/osnovnaskolamalinskadubasnica.hr\/wp-content\/uploads\/bk-galerija-karneval-2020.jpg\" alt=\"\" width=\"200\" height=\"132\" \/><\/a><strong><a href=\"http:\/\/osnovnaskolamalinskadubasnica.hr\/?page_id=17431\">Prvi kupa\u010di u Malinskoj na rije\u010dkom Korzu<\/a><\/strong><\/p>\n<p><span style=\"color: #000000;\">Dje\u010dji karneval u Rijeci, 8. velja\u010de 2020.<\/span><\/p>\n<p><span style=\"color: #000000;\">foto: David Ro\u0161i\u0107 i Mihaela Ko\u0161i\u0107<\/span><\/p>\n<p><strong>___________________________________________________________<\/strong><\/p>\n<p style=\"text-align: justify;\"><a href=\"http:\/\/osnovnaskolamalinskadubasnica.hr\/?page_id=15650\" target=\"_blank\" rel=\"noopener noreferrer\"><img loading=\"lazy\" decoding=\"async\" class=\"alignleft wp-image-15648\" src=\"http:\/\/osnovnaskolamalinskadubasnica.hr\/wp-content\/uploads\/zg-galerija.jpg\" alt=\"\" width=\"200\" height=\"132\" \/><\/a><strong><a href=\"http:\/\/osnovnaskolamalinskadubasnica.hr\/?page_id=15650\" target=\"_blank\" rel=\"noopener noreferrer\">\u010cetvrta\u0161i u Zagrebu i Hrvatskom zagorju<\/a><\/strong><\/p>\n<p><span style=\"color: #000000;\">16. &#8211; 17. travnja 2019.<\/span><\/p>\n<p><span style=\"color: #000000;\">foto: Iva Spiciarich i Anita \u010cemelji\u0107 &#8211; Karabai\u0107<\/span><\/p>\n<p><strong>___________________________________________________________<\/strong><\/p>\n<p><a href=\"http:\/\/osnovnaskolamalinskadubasnica.hr\/?page_id=10439\"><img loading=\"lazy\" decoding=\"async\" class=\"alignleft wp-image-11001\" src=\"http:\/\/osnovnaskolamalinskadubasnica.hr\/wp-content\/uploads\/md-2017-fg.jpg\" alt=\"\" width=\"200\" height=\"132\" \/><\/a><strong><a href=\"http:\/\/osnovnaskolamalinskadubasnica.hr\/?page_id=10439\">PROSLAVA MAJ\u010cINOG DANA<\/a><\/strong><\/p>\n<p style=\"text-align: justify;\"><span style=\"color: #000000;\">Sve\u010dano i veselo i ove smo godine proslavili Maj\u010din dan. Prekrasnu priredbu, svojim mamama na dar, priredili su u\u010denici mla\u0111ih razreda.<\/span><\/p>\n<p style=\"text-align: justify;\"><strong><span style=\"color: #ff6600;\">___________________________________________________________<\/span><\/strong><\/p>\n<p><a href=\"http:\/\/osnovnaskolamalinskadubasnica.hr\/?page_id=10995\"><img loading=\"lazy\" decoding=\"async\" class=\"alignleft wp-image-10998\" src=\"http:\/\/osnovnaskolamalinskadubasnica.hr\/wp-content\/uploads\/ds-2017.jpg\" alt=\"\" width=\"200\" height=\"132\" \/><\/a><strong><a href=\"http:\/\/osnovnaskolamalinskadubasnica.hr\/?page_id=10995\">DAN \u0160KOLE<\/a><\/strong><\/p>\n<p style=\"text-align: justify;\"><span style=\"color: #000000;\">U petak 28. travnja 2017. godine sve\u010dano smo proslavili Dan \u0161kole.<\/span><\/p>\n<p><strong><span style=\"color: #ff6600;\">___________________________________________________________<\/span><\/strong><\/p>\n<p><a href=\"http:\/\/osnovnaskolamalinskadubasnica.hr\/?page_id=10991\"><img loading=\"lazy\" decoding=\"async\" class=\"alignleft wp-image-10993\" src=\"http:\/\/osnovnaskolamalinskadubasnica.hr\/wp-content\/uploads\/kemija-galerija.jpg\" alt=\"\" width=\"200\" height=\"132\" \/><\/a><strong><a href=\"http:\/\/osnovnaskolamalinskadubasnica.hr\/?page_id=10991\">Znanstvene \u010darolije<\/a><\/strong><\/p>\n<p style=\"text-align: justify;\"><span style=\"color: #000000;\">Mihael i Sara, studenti Prirodoslovno matemati\u010dkog fakulteta u Zagrebu, odr\u017eali su zabavnu i pou\u010dnu radionicu iz kemije koja je odu\u0161evila brojne u\u010denike.<\/span><\/p>\n<p style=\"text-align: justify;\"><strong><span style=\"color: #ff6600;\">___________________________________________________________<\/span><\/strong><\/p>\n<p><a href=\"http:\/\/osnovnaskolamalinskadubasnica.hr\/?page_id=10986\"><img loading=\"lazy\" decoding=\"async\" class=\"alignleft wp-image-10988\" src=\"http:\/\/osnovnaskolamalinskadubasnica.hr\/wp-content\/uploads\/drm-fg2017.jpg\" alt=\"\" width=\"200\" height=\"132\" \/><\/a><strong><a href=\"http:\/\/osnovnaskolamalinskadubasnica.hr\/?page_id=10986\">Dan ru\u017ei\u010dastih majica 2017.<\/a><\/strong><\/p>\n<p style=\"text-align: justify;\"><span style=\"color: #000000;\">U srijedu 22. velja\u010de obilje\u017eili smo<\/span> <a href=\"http:\/\/osnovnaskolamalinskadubasnica.hr\/?p=9290\">Dan ru\u017ei\u010dastih majica<\/a>, <span style=\"color: #000000;\">zajedno sa brojnim mladima diljem svijeta u zajedni\u010dkoj borbi protiv vr\u0161nja\u010dkog nasilja.<\/span><\/p>\n<p style=\"text-align: justify;\"><strong><span style=\"color: #ff6600;\">___________________________________________________________<\/span><\/strong><\/p>\n<p><a href=\"http:\/\/osnovnaskolamalinskadubasnica.hr\/?page_id=8964\"><img loading=\"lazy\" decoding=\"async\" class=\"alignleft wp-image-8967\" src=\"http:\/\/osnovnaskolamalinskadubasnica.hr\/wp-content\/uploads\/bk-galerija.jpg\" width=\"200\" height=\"132\" srcset=\"https:\/\/osnovnaskolamalinskadubasnica.hr\/wp-content\/uploads\/bk-galerija.jpg 379w, https:\/\/osnovnaskolamalinskadubasnica.hr\/wp-content\/uploads\/bk-galerija-250x165.jpg 250w\" sizes=\"auto, (max-width: 200px) 100vw, 200px\" \/><\/a><strong><a href=\"http:\/\/osnovnaskolamalinskadubasnica.hr\/?page_id=8964\">Bo\u017ei\u0107ni koncert<\/a><\/strong><\/p>\n<p style=\"text-align: justify;\"><span style=\"color: #000000;\">Bo\u017ei\u0107na priredba i predstavljanje Kalendara<br \/>\n19. prosinca 2016.<\/span><\/p>\n<p style=\"text-align: justify;\"><strong><span style=\"color: #ff6600;\">___________________________________________________________<\/span><\/strong><\/p>\n<p><a href=\"http:\/\/osnovnaskolamalinskadubasnica.hr\/?page_id=8843\"><img loading=\"lazy\" decoding=\"async\" class=\"alignleft wp-image-8841\" src=\"http:\/\/osnovnaskolamalinskadubasnica.hr\/wp-content\/uploads\/sn-galerija.jpg\" width=\"200\" height=\"132\" srcset=\"https:\/\/osnovnaskolamalinskadubasnica.hr\/wp-content\/uploads\/sn-galerija.jpg 379w, https:\/\/osnovnaskolamalinskadubasnica.hr\/wp-content\/uploads\/sn-galerija-250x165.jpg 250w\" sizes=\"auto, (max-width: 200px) 100vw, 200px\" \/><\/a><a href=\"http:\/\/osnovnaskolamalinskadubasnica.hr\/?page_id=8843\"><strong>Sveti Nikola u na\u0161oj \u0161koli<\/strong><\/a><\/p>\n<p style=\"text-align: justify;\"><span style=\"color: #000000;\">Priredba povodom blagdana svetog Nikole<\/span><\/p>\n<p style=\"text-align: justify;\"><span style=\"color: #000000;\">6. prosinca 2016.<\/span><\/p>\n<p style=\"text-align: justify;\"><strong><span style=\"color: #ff6600;\">___________________________________________________________<\/span><\/strong><\/p>\n<p><a href=\"http:\/\/osnovnaskolamalinskadubasnica.hr\/?p=8682\"><img loading=\"lazy\" decoding=\"async\" class=\"alignleft wp-image-8730\" src=\"http:\/\/osnovnaskolamalinskadubasnica.hr\/wp-content\/uploads\/dp-galerija.jpg\" width=\"200\" height=\"132\" srcset=\"https:\/\/osnovnaskolamalinskadubasnica.hr\/wp-content\/uploads\/dp-galerija.jpg 379w, https:\/\/osnovnaskolamalinskadubasnica.hr\/wp-content\/uploads\/dp-galerija-250x165.jpg 250w\" sizes=\"auto, (max-width: 200px) 100vw, 200px\" \/><\/a><a href=\"http:\/\/osnovnaskolamalinskadubasnica.hr\/?p=8682\"><strong>Jesenska \u0161etnja Duba\u0161nicom<\/strong><\/a><\/p>\n<p style=\"text-align: justify;\"><span style=\"color: #000000;\">U petak 28. listopada 2016. pro\u0161etali smo Duba\u0161nicom i tako obilje\u017eili Svjetski dan pje\u0161a\u010denja.<\/span><\/p>\n<p><strong><span style=\"color: #ff6600;\">___________________________________________________________<\/span><\/strong><\/p>\n<p><a href=\"http:\/\/osnovnaskolamalinskadubasnica.hr\/?page_id=8485\"><img loading=\"lazy\" decoding=\"async\" class=\"alignleft wp-image-8493\" src=\"http:\/\/osnovnaskolamalinskadubasnica.hr\/wp-content\/uploads\/d-galerija.jpg\" width=\"200\" height=\"132\" srcset=\"https:\/\/osnovnaskolamalinskadubasnica.hr\/wp-content\/uploads\/d-galerija.jpg 379w, https:\/\/osnovnaskolamalinskadubasnica.hr\/wp-content\/uploads\/d-galerija-250x165.jpg 250w\" sizes=\"auto, (max-width: 200px) 100vw, 200px\" \/><\/a><strong><a href=\"http:\/\/osnovnaskolamalinskadubasnica.hr\/?page_id=8485\">OSMA\u0160I U DUBROVNIKU<\/a><\/strong><\/p>\n<p style=\"text-align: justify;\"><span style=\"color: #000000;\">osma\u0161i na ekskurziji u Dalmaciji, od 6. do 9. rujna 2016.<\/span><\/p>\n<p style=\"text-align: justify;\"><span style=\"color: #000000;\">foto: <em>Zoran Sekovani\u0107, Sara Baj\u010di\u0107, Ana Tur\u010di\u0107<\/em><\/span><\/p>\n<p style=\"text-align: justify;\"><strong><span style=\"color: #ff6600;\">___________________________________________________________<\/span><\/strong><\/p>\n<p><a href=\"http:\/\/osnovnaskolamalinskadubasnica.hr\/?page_id=8037\"><img loading=\"lazy\" decoding=\"async\" class=\"alignleft wp-image-8040\" src=\"http:\/\/osnovnaskolamalinskadubasnica.hr\/wp-content\/uploads\/apoksiomen.jpg\" width=\"200\" height=\"132\" srcset=\"https:\/\/osnovnaskolamalinskadubasnica.hr\/wp-content\/uploads\/apoksiomen.jpg 379w, https:\/\/osnovnaskolamalinskadubasnica.hr\/wp-content\/uploads\/apoksiomen-250x165.jpg 250w\" sizes=\"auto, (max-width: 200px) 100vw, 200px\" \/><\/a><strong><a href=\"http:\/\/osnovnaskolamalinskadubasnica.hr\/?page_id=8037\">U POTRAZI ZA APOKSIOMENOM<\/a><\/strong><\/p>\n<p style=\"text-align: justify;\"><span style=\"color: #000000;\">Cres, Osor, Mali Lo\u0161inj, Muzej Apoksiomena&#8230; uzbudljiv izlet u\u010denika 6. b razreda.<\/span><\/p>\n<p><strong><span style=\"color: #ff6600;\">___________________________________________________________<\/span><\/strong><\/p>\n<p><a href=\"http:\/\/osnovnaskolamalinskadubasnica.hr\/?p=7974\"><img loading=\"lazy\" decoding=\"async\" class=\"alignleft wp-image-8005\" src=\"http:\/\/osnovnaskolamalinskadubasnica.hr\/wp-content\/uploads\/zadar-fg.jpg\" width=\"200\" height=\"132\" srcset=\"https:\/\/osnovnaskolamalinskadubasnica.hr\/wp-content\/uploads\/zadar-fg.jpg 379w, https:\/\/osnovnaskolamalinskadubasnica.hr\/wp-content\/uploads\/zadar-fg-250x165.jpg 250w\" sizes=\"auto, (max-width: 200px) 100vw, 200px\" \/><\/a><strong><a href=\"http:\/\/osnovnaskolamalinskadubasnica.hr\/?p=7974\">\u0160ESTA\u0160I U NINU I ZADRU<\/a><\/strong><\/p>\n<p style=\"text-align: justify;\"><span style=\"color: #000000;\">U\u010denici 6.a na jednodnevnom izletu u Dalmaciji.<\/span><\/p>\n<p><span style=\"color: #000000;\">foto: <em>Dunja Perhat i Korina \u010caljku\u0161i\u0107<\/em><\/span><\/p>\n<p><strong><span style=\"color: #ff6600;\">___________________________________________________________<\/span><\/strong><\/p>\n<p><a href=\"http:\/\/osnovnaskolamalinskadubasnica.hr\/?page_id=7935\"><img loading=\"lazy\" decoding=\"async\" class=\"alignleft wp-image-7932\" src=\"http:\/\/osnovnaskolamalinskadubasnica.hr\/wp-content\/uploads\/plitvice-fg.jpg\" width=\"200\" height=\"132\" srcset=\"https:\/\/osnovnaskolamalinskadubasnica.hr\/wp-content\/uploads\/plitvice-fg.jpg 379w, https:\/\/osnovnaskolamalinskadubasnica.hr\/wp-content\/uploads\/plitvice-fg-250x165.jpg 250w\" sizes=\"auto, (max-width: 200px) 100vw, 200px\" \/><\/a><strong><a href=\"http:\/\/osnovnaskolamalinskadubasnica.hr\/?page_id=7935\">Peta\u0161i na izletu u Lici<\/a><\/strong><\/p>\n<p style=\"text-align: justify;\"><span style=\"color: #000000;\">U\u010denici petih razreda u\u017eivali su u ljepoti Plitvi\u010dkih jezera i posjetili uto\u010di\u0161te za medvjede u Kuterevu.<\/span><\/p>\n<p><span style=\"color: #000000;\">foto: <em>Luka Savin, Karla \u017du\u017ei\u0107, Denis Latinovi\u0107<\/em><\/span><\/p>\n<p><strong><span style=\"color: #ff6600;\">___________________________________________________________<\/span><\/strong><\/p>\n<p><a href=\"http:\/\/osnovnaskolamalinskadubasnica.hr\/?page_id=7868\"><img loading=\"lazy\" decoding=\"async\" class=\"alignleft wp-image-7863\" src=\"http:\/\/osnovnaskolamalinskadubasnica.hr\/wp-content\/uploads\/ds-galerija.jpg\" width=\"200\" height=\"132\" srcset=\"https:\/\/osnovnaskolamalinskadubasnica.hr\/wp-content\/uploads\/ds-galerija.jpg 379w, https:\/\/osnovnaskolamalinskadubasnica.hr\/wp-content\/uploads\/ds-galerija-250x165.jpg 250w\" sizes=\"auto, (max-width: 200px) 100vw, 200px\" \/><\/a><strong><a href=\"http:\/\/osnovnaskolamalinskadubasnica.hr\/?page_id=7868\">DAN \u0160KOLE<\/a><\/strong><\/p>\n<p style=\"text-align: justify;\"><span style=\"color: #000000;\">obilje\u017eili smo sportskim doga\u0111ajima, sve\u010danom priredbom, izlo\u017ebama i ugodnim dru\u017eenjem&#8230;<\/span><\/p>\n<p><strong><span style=\"color: #ff6600;\">___________________________________________________________<\/span><\/strong><\/p>\n<p><a href=\"http:\/\/osnovnaskolamalinskadubasnica.hr\/?page_id=7717\"><img loading=\"lazy\" decoding=\"async\" class=\"alignleft wp-image-7777\" src=\"http:\/\/osnovnaskolamalinskadubasnica.hr\/wp-content\/uploads\/md-galerija.jpg\" width=\"200\" height=\"132\" srcset=\"https:\/\/osnovnaskolamalinskadubasnica.hr\/wp-content\/uploads\/md-galerija.jpg 379w, https:\/\/osnovnaskolamalinskadubasnica.hr\/wp-content\/uploads\/md-galerija-250x165.jpg 250w\" sizes=\"auto, (max-width: 200px) 100vw, 200px\" \/><\/a><strong><a href=\"http:\/\/osnovnaskolamalinskadubasnica.hr\/?page_id=7717\">Sve\u010dano smo proslavili Maj\u010din dan<\/a><\/strong><\/p>\n<p><span style=\"color: #000000;\">priredba povodom Maj\u010dinog dana, 10. svibnja 2016.<\/span><\/p>\n<p><span style=\"color: #000000;\">foto: <em>Alenka \u017du\u017ei\u0107<\/em><\/span><\/p>\n<p><strong><span style=\"color: #ff6600;\">___________________________________________________________<\/span><\/strong><\/p>\n<p><a href=\"http:\/\/osnovnaskolamalinskadubasnica.hr\/?page_id=7449\" rel=\"attachment wp-att-7447\"><img loading=\"lazy\" decoding=\"async\" class=\"alignleft wp-image-7447\" src=\"http:\/\/osnovnaskolamalinskadubasnica.hr\/wp-content\/uploads\/FG-GYM.jpg\" width=\"200\" height=\"132\" srcset=\"https:\/\/osnovnaskolamalinskadubasnica.hr\/wp-content\/uploads\/FG-GYM.jpg 379w, https:\/\/osnovnaskolamalinskadubasnica.hr\/wp-content\/uploads\/FG-GYM-250x165.jpg 250w\" sizes=\"auto, (max-width: 200px) 100vw, 200px\" \/><\/a><strong><a href=\"http:\/\/osnovnaskolamalinskadubasnica.hr\/?page_id=7449\">U dru\u0161tvu na\u0161ih gimnasti\u010darki i gimnasti\u010dara<\/a><\/strong><\/p>\n<p style=\"text-align: justify;\"><span style=\"color: #000000;\">Proveli smo jedan \u0161kolski sat u lijepom dru\u0161tvu na\u0161ih razigranih gimnasti\u010darki i gimnasti\u010dara.<\/span><\/p>\n<p>&nbsp;<\/p>\n<p><strong><span style=\"color: #ff6600;\">___________________________________________________________<\/span><\/strong><\/p>\n<p><a href=\"http:\/\/osnovnaskolamalinskadubasnica.hr\/?page_id=7065\" rel=\"attachment wp-att-7120\"><img loading=\"lazy\" decoding=\"async\" class=\"alignleft wp-image-7120\" src=\"http:\/\/osnovnaskolamalinskadubasnica.hr\/wp-content\/uploads\/DRM-fotogalerija.jpg\" width=\"200\" height=\"132\" srcset=\"https:\/\/osnovnaskolamalinskadubasnica.hr\/wp-content\/uploads\/DRM-fotogalerija.jpg 379w, https:\/\/osnovnaskolamalinskadubasnica.hr\/wp-content\/uploads\/DRM-fotogalerija-250x165.jpg 250w\" sizes=\"auto, (max-width: 200px) 100vw, 200px\" \/><\/a><strong><a href=\"http:\/\/osnovnaskolamalinskadubasnica.hr\/?page_id=7065\">Pink Shirt Day &#8211; Dan ru\u017ei\u010dastih majica<\/a><\/strong><\/p>\n<p style=\"text-align: justify;\"><span style=\"color: #000000;\">24. velja\u010de 2016. obilje\u017eili smo Dan ru\u017ei\u010dastih majica i tako podr\u017eali program protiv vr\u0161nja\u010dkg nasilja.<\/span><\/p>\n<p><strong><span style=\"color: #ff6600;\">___________________________________________________________<\/span><\/strong><\/p>\n<p><a href=\"http:\/\/osnovnaskolamalinskadubasnica.hr\/?page_id=6418\"><img loading=\"lazy\" decoding=\"async\" class=\"alignleft wp-image-6438\" src=\"http:\/\/osnovnaskolamalinskadubasnica.hr\/wp-content\/uploads\/Zagreb-fotogalerija-2015.jpg\" width=\"200\" height=\"132\" srcset=\"https:\/\/osnovnaskolamalinskadubasnica.hr\/wp-content\/uploads\/Zagreb-fotogalerija-2015.jpg 379w, https:\/\/osnovnaskolamalinskadubasnica.hr\/wp-content\/uploads\/Zagreb-fotogalerija-2015-250x165.jpg 250w\" sizes=\"auto, (max-width: 200px) 100vw, 200px\" \/><\/a><strong><a href=\"http:\/\/osnovnaskolamalinskadubasnica.hr\/?page_id=6418\">U svijetu iluzija i izuma Leonarda da Vincija<\/a><\/strong><\/p>\n<p><span style=\"color: #000000;\">Izlet u Zagreb, sedma\u0161i i osma\u0161i su posjetili Muzej iluzija i izlo\u017ebu Leonardo da Vinci &#8211; genij i njegovi izumi.<\/span><\/p>\n<p><strong><span style=\"color: #ff6600;\">___________________________________________________________<\/span><\/strong><\/p>\n<p><a href=\"http:\/\/osnovnaskolamalinskadubasnica.hr\/?page_id=6210\"><img loading=\"lazy\" decoding=\"async\" class=\"alignleft wp-image-6215\" src=\"http:\/\/osnovnaskolamalinskadubasnica.hr\/wp-content\/uploads\/setnja-dubasnicom.jpg\" width=\"200\" height=\"132\" srcset=\"https:\/\/osnovnaskolamalinskadubasnica.hr\/wp-content\/uploads\/setnja-dubasnicom.jpg 379w, https:\/\/osnovnaskolamalinskadubasnica.hr\/wp-content\/uploads\/setnja-dubasnicom-250x165.jpg 250w\" sizes=\"auto, (max-width: 200px) 100vw, 200px\" \/><\/a><strong><a href=\"http:\/\/osnovnaskolamalinskadubasnica.hr\/?page_id=6210\">PRO\u0160ETALI SMO DUBA\u0160NICOM<\/a><\/strong><\/p>\n<p><span style=\"color: #000000;\">Foto pri\u010da o na\u0161oj \u0161etnji Duba\u0161nicom povodom Svjetskog dana pje\u0161a\u010denja.<\/span><\/p>\n<p><strong><span style=\"color: #ff6600;\">___________________________________________________________<\/span><\/strong><\/p>\n<p><a href=\"http:\/\/osnovnaskolamalinskadubasnica.hr\/?page_id=6091\"><img loading=\"lazy\" decoding=\"async\" class=\"alignleft wp-image-6089\" src=\"http:\/\/osnovnaskolamalinskadubasnica.hr\/wp-content\/uploads\/dani-kruha-galerija.jpg\" width=\"200\" height=\"132\" srcset=\"https:\/\/osnovnaskolamalinskadubasnica.hr\/wp-content\/uploads\/dani-kruha-galerija.jpg 379w, https:\/\/osnovnaskolamalinskadubasnica.hr\/wp-content\/uploads\/dani-kruha-galerija-250x165.jpg 250w\" sizes=\"auto, (max-width: 200px) 100vw, 200px\" \/><\/a><strong><a href=\"http:\/\/osnovnaskolamalinskadubasnica.hr\/?page_id=6091\">Dani kruha i zahvalnosti za plodove zemlje<\/a><\/strong><\/p>\n<p><span style=\"color: #000000;\">13. rujna 2015. &#8211; priredba i prigodne izlo\u017ebe<\/span><\/p>\n<p><span style=\"color: #000000;\">foto: <em>Alenka \u017du\u017ei\u0107<\/em><\/span><\/p>\n<p><strong><span style=\"color: #ff6600;\">___________________________________________________________<\/span><\/strong><\/p>\n<p><a href=\"http:\/\/osnovnaskolamalinskadubasnica.hr\/?page_id=5946\"><img loading=\"lazy\" decoding=\"async\" class=\"alignleft wp-image-5982\" src=\"http:\/\/osnovnaskolamalinskadubasnica.hr\/wp-content\/uploads\/Dubrovnik-fotogalerija.jpg\" width=\"200\" height=\"132\" srcset=\"https:\/\/osnovnaskolamalinskadubasnica.hr\/wp-content\/uploads\/Dubrovnik-fotogalerija.jpg 379w, https:\/\/osnovnaskolamalinskadubasnica.hr\/wp-content\/uploads\/Dubrovnik-fotogalerija-250x165.jpg 250w\" sizes=\"auto, (max-width: 200px) 100vw, 200px\" \/><\/a> <strong><a href=\"http:\/\/osnovnaskolamalinskadubasnica.hr\/?page_id=5946\">U gradovima od kamena i tisu\u0107u pri\u010da<\/a><\/strong><\/p>\n<p>Osma\u0161i na ekskurziji u Dubrovniku,<br \/>\nod 15. do 18. rujna 2015.<\/p>\n<p><strong><span style=\"color: #ff6600;\">___________________________________________________________<\/span><\/strong><\/p>\n<p><a href=\"http:\/\/osnovnaskolamalinskadubasnica.hr\/?page_id=5691\"><strong>Ruksak prepun lijepih sje\u0107anja<\/strong><\/a><a href=\"http:\/\/osnovnaskolamalinskadubasnica.hr\/?page_id=5691\"><img loading=\"lazy\" decoding=\"async\" class=\"alignleft wp-image-5695\" src=\"http:\/\/osnovnaskolamalinskadubasnica.hr\/wp-content\/uploads\/fotogalerija-osmasi-2015.jpg\" width=\"200\" height=\"132\" srcset=\"https:\/\/osnovnaskolamalinskadubasnica.hr\/wp-content\/uploads\/fotogalerija-osmasi-2015.jpg 379w, https:\/\/osnovnaskolamalinskadubasnica.hr\/wp-content\/uploads\/fotogalerija-osmasi-2015-250x165.jpg 250w\" sizes=\"auto, (max-width: 200px) 100vw, 200px\" \/><\/a><\/p>\n<p style=\"text-align: justify;\"><span style=\"color: #000000;\">Foto pri\u010da o generaciji osma\u0161a 2014.\/2015. &#8211; <\/span><span style=\"color: #000000;\">pri\u010da o odrastanju, prijateljstvu, zajedni\u010dkim putovanjima, bezbri\u017enim i sretnim trenucima, pjesmi i osmijehu&#8230;<\/span><\/p>\n<p><strong><span style=\"color: #ff6600;\">___________________________________________________________<\/span><\/strong><\/p>\n<p><a href=\"http:\/\/osnovnaskolamalinskadubasnica.hr\/?page_id=5622\"><img loading=\"lazy\" decoding=\"async\" class=\"alignleft wp-image-5620\" src=\"http:\/\/osnovnaskolamalinskadubasnica.hr\/wp-content\/uploads\/fotogalerija-smiljan.jpg\" width=\"200\" height=\"132\" srcset=\"https:\/\/osnovnaskolamalinskadubasnica.hr\/wp-content\/uploads\/fotogalerija-smiljan.jpg 379w, https:\/\/osnovnaskolamalinskadubasnica.hr\/wp-content\/uploads\/fotogalerija-smiljan-250x165.jpg 250w\" sizes=\"auto, (max-width: 200px) 100vw, 200px\" \/><\/a><strong><a href=\"http:\/\/osnovnaskolamalinskadubasnica.hr\/?page_id=5622\">Sedma\u0161i na izletu u Lici<\/a><\/strong><\/p>\n<p><span style=\"color: #000000;\">Izlet u Veliki \u017ditnik, Smiljan i Majerovo vrilo<\/span><\/p>\n<p><span style=\"color: #000000;\">foto: <em>Alenka \u017du\u017ei\u0107<\/em><\/span><\/p>\n<p><strong><span style=\"color: #ff6600;\">___________________________________________________________<\/span><\/strong><\/p>\n<p><a href=\"http:\/\/osnovnaskolamalinskadubasnica.hr\/?page_id=5481\"><img loading=\"lazy\" decoding=\"async\" class=\"alignleft wp-image-5484\" src=\"http:\/\/osnovnaskolamalinskadubasnica.hr\/wp-content\/uploads\/fotogalerija-izlet-u-Istru.jpg\" width=\"200\" height=\"132\" srcset=\"https:\/\/osnovnaskolamalinskadubasnica.hr\/wp-content\/uploads\/fotogalerija-izlet-u-Istru.jpg 379w, https:\/\/osnovnaskolamalinskadubasnica.hr\/wp-content\/uploads\/fotogalerija-izlet-u-Istru-250x165.jpg 250w\" sizes=\"auto, (max-width: 200px) 100vw, 200px\" \/><\/a><strong><a href=\"http:\/\/osnovnaskolamalinskadubasnica.hr\/?page_id=5481\">Izlet u Istru<\/a><\/strong><\/p>\n<p><span style=\"color: #000000;\">\u0160kolski izlet u\u010denika 6. a i 6. b razreda<\/span><\/p>\n<p><span style=\"color: #000000;\">foto: <em>Ana Kranjec, Olivera Ver\u0161i\u0107 i Ana Mileti\u0107<\/em><\/span><\/p>\n<p><strong><span style=\"color: #ff6600;\">___________________________________________________________<\/span><\/strong><\/p>\n<p><a href=\"http:\/\/osnovnaskolamalinskadubasnica.hr\/?page_id=5450\"><img loading=\"lazy\" decoding=\"async\" class=\"alignleft wp-image-5447\" src=\"http:\/\/osnovnaskolamalinskadubasnica.hr\/wp-content\/uploads\/fotogalerija-zagreb.jpg\" width=\"200\" height=\"132\" srcset=\"https:\/\/osnovnaskolamalinskadubasnica.hr\/wp-content\/uploads\/fotogalerija-zagreb.jpg 379w, https:\/\/osnovnaskolamalinskadubasnica.hr\/wp-content\/uploads\/fotogalerija-zagreb-250x165.jpg 250w\" sizes=\"auto, (max-width: 200px) 100vw, 200px\" \/><\/a><strong><a href=\"http:\/\/osnovnaskolamalinskadubasnica.hr\/?page_id=5450\">\u010cetvrta\u0161i u Zagrebu i Hrvatskom zagorju<\/a><\/strong><\/p>\n<p><span style=\"color: #000000;\">Dvodnevni \u0161kolski izlet u\u010denika 4. a razreda<\/span><\/p>\n<p><span style=\"color: #000000;\">foto: <em>Anita \u010cemelji\u0107 Karabai\u0107<\/em><\/span><\/p>\n<p><strong><span style=\"color: #ff6600;\">___________________________________________________________<\/span><\/strong><\/p>\n<p><a href=\"http:\/\/osnovnaskolamalinskadubasnica.hr\/?page_id=5309\"><img loading=\"lazy\" decoding=\"async\" class=\"alignleft wp-image-5368\" src=\"http:\/\/osnovnaskolamalinskadubasnica.hr\/wp-content\/uploads\/fotogalerija-Munchen.jpg\" width=\"200\" height=\"132\" srcset=\"https:\/\/osnovnaskolamalinskadubasnica.hr\/wp-content\/uploads\/fotogalerija-Munchen.jpg 379w, https:\/\/osnovnaskolamalinskadubasnica.hr\/wp-content\/uploads\/fotogalerija-Munchen-250x165.jpg 250w\" sizes=\"auto, (max-width: 200px) 100vw, 200px\" \/><\/a><a href=\"http:\/\/osnovnaskolamalinskadubasnica.hr\/?page_id=5309\"><strong>Putovanje: Salzburg, Munchen i dvorci Bavarske<\/strong><\/a><\/p>\n<p><em><span style=\"color: #000000;\">\u0161kolski izlet u Njema\u010dku, od 24. do 26 travnja 2015.<\/span><\/em><\/p>\n<p><span style=\"color: #000000;\">foto: <em>Dunja Perhat<\/em><\/span><\/p>\n<p><strong><span style=\"color: #ff6600;\">___________________________________________________________<\/span><\/strong><\/p>\n<p><a title=\"Djeca i vjetar\" href=\"http:\/\/osnovnaskolamalinskadubasnica.hr\/?p=5153\"><img loading=\"lazy\" decoding=\"async\" class=\"alignleft wp-image-5177\" src=\"http:\/\/osnovnaskolamalinskadubasnica.hr\/wp-content\/uploads\/fotogalerija-djeca-i-vjetar.jpg\" width=\"200\" height=\"132\" srcset=\"https:\/\/osnovnaskolamalinskadubasnica.hr\/wp-content\/uploads\/fotogalerija-djeca-i-vjetar.jpg 379w, https:\/\/osnovnaskolamalinskadubasnica.hr\/wp-content\/uploads\/fotogalerija-djeca-i-vjetar-250x165.jpg 250w\" sizes=\"auto, (max-width: 200px) 100vw, 200px\" \/><\/a><strong><a title=\"Djeca i vjetar\" href=\"http:\/\/osnovnaskolamalinskadubasnica.hr\/?p=5153\">DJECA I VJETAR<\/a><\/strong><\/p>\n<p style=\"text-align: justify;\"><span style=\"color: #000000;\">U sklopu prijekta udruge O.A.ZA, odr\u017eana pou\u010dna i zabavna radionica o vjetru kao obnovljivom izvoru energije<\/span><\/p>\n<p><strong><span style=\"color: #ff6600;\">___________________________________________________________<\/span><\/strong><\/p>\n<p><a title=\"Hodo\u010da\u0161\u0107e djece na grob biskupa Mahni\u0107a\" href=\"http:\/\/osnovnaskolamalinskadubasnica.hr\/?p=4920\"><img loading=\"lazy\" decoding=\"async\" class=\"alignleft wp-image-5178\" src=\"http:\/\/osnovnaskolamalinskadubasnica.hr\/wp-content\/uploads\/fotogalerija-mahnic-2015.jpg\" width=\"200\" height=\"132\" srcset=\"https:\/\/osnovnaskolamalinskadubasnica.hr\/wp-content\/uploads\/fotogalerija-mahnic-2015.jpg 379w, https:\/\/osnovnaskolamalinskadubasnica.hr\/wp-content\/uploads\/fotogalerija-mahnic-2015-250x165.jpg 250w\" sizes=\"auto, (max-width: 200px) 100vw, 200px\" \/><\/a><strong><a title=\"Hodo\u010da\u0161\u0107e djece na grob biskupa Mahni\u0107a\" href=\"http:\/\/osnovnaskolamalinskadubasnica.hr\/?p=4920\">Hodo\u010da\u0161\u0107e djece na grob biskupa Mahni\u0107a<\/a><\/strong><\/p>\n<p style=\"text-align: justify;\"><span style=\"color: #000000;\">i susret vjerou\u010denika s biskupom mons. Ivicom Petanjkom.<br \/>\n<\/span><\/p>\n<p style=\"text-align: justify;\"><span style=\"color: #000000;\"><em>Krk, 28. o\u017eujka 2015.<\/em><\/span><\/p>\n<p><strong><span style=\"color: #ff6600;\">___________________________________________________________<\/span><\/strong><\/p>\n<p><strong><a title=\"Duba\u0161ljanske sopele\" href=\"http:\/\/osnovnaskolamalinskadubasnica.hr\/?page_id=4587\">DUBA\u0160LJANSKE SOPELE<\/a><a href=\"http:\/\/osnovnaskolamalinskadubasnica.hr\/?page_id=4587\"><img loading=\"lazy\" decoding=\"async\" class=\"alignleft wp-image-4591\" src=\"http:\/\/osnovnaskolamalinskadubasnica.hr\/wp-content\/uploads\/maskare-fotogalerija.jpg\" width=\"200\" height=\"132\" srcset=\"https:\/\/osnovnaskolamalinskadubasnica.hr\/wp-content\/uploads\/maskare-fotogalerija.jpg 379w, https:\/\/osnovnaskolamalinskadubasnica.hr\/wp-content\/uploads\/maskare-fotogalerija-250x165.jpg 250w\" sizes=\"auto, (max-width: 200px) 100vw, 200px\" \/><\/a><\/strong><\/p>\n<p style=\"text-align: justify;\"><span style=\"color: #000000;\">Dje\u010dji karneval u Rijeci, 8. velja\u010de 2015.<\/span><\/p>\n<p style=\"text-align: justify;\"><span style=\"color: #000000;\">foto: <em>Ana Marija \u0160viderski Jurinjak<br \/>\n<\/em><\/span><\/p>\n<p><strong><span style=\"color: #ff6600;\">___________________________________________________________<\/span><\/strong><\/p>\n<p><a title=\"BO\u017dI\u0106NI KONCERT U \u0160KOLI DUBA\u0160NICA, 15. prosinca 2014.\" href=\"http:\/\/osnovnaskolamalinskadubasnica.hr\/?p=4308\"><img loading=\"lazy\" decoding=\"async\" class=\"alignleft wp-image-4673\" src=\"http:\/\/osnovnaskolamalinskadubasnica.hr\/wp-content\/uploads\/fotogalerija-bozic2014.jpg\" width=\"200\" height=\"132\" srcset=\"https:\/\/osnovnaskolamalinskadubasnica.hr\/wp-content\/uploads\/fotogalerija-bozic2014.jpg 379w, https:\/\/osnovnaskolamalinskadubasnica.hr\/wp-content\/uploads\/fotogalerija-bozic2014-250x165.jpg 250w\" sizes=\"auto, (max-width: 200px) 100vw, 200px\" \/><\/a><a title=\"BO\u017dI\u0106NI KONCERT U \u0160KOLI DUBA\u0160NICA, 15. prosinca 2014.\" href=\"http:\/\/osnovnaskolamalinskadubasnica.hr\/?p=4308\"><strong>BO\u017dI\u0106NA RADOST<\/strong><\/a><\/p>\n<p style=\"text-align: justify;\"><span style=\"color: #000000;\">sve\u010dani bo\u017ei\u0107ni koncert i predstavljanje Kalendara, prosinac 2014.<\/span><\/p>\n<p><span style=\"color: #000000;\">foto: <em>Ana Marija \u0160viderski Jurinjak<\/em><\/span><\/p>\n<p><strong><span style=\"color: #ff6600;\">___________________________________________________________<\/span><\/strong><\/p>\n<p><a title=\"Na\u0161 maturalac\" href=\"http:\/\/osnovnaskolamalinskadubasnica.hr\/?page_id=3657\"><img loading=\"lazy\" decoding=\"async\" class=\"alignleft wp-image-4593\" src=\"http:\/\/osnovnaskolamalinskadubasnica.hr\/wp-content\/uploads\/maturalac-galerija.jpg\" width=\"200\" height=\"132\" srcset=\"https:\/\/osnovnaskolamalinskadubasnica.hr\/wp-content\/uploads\/maturalac-galerija.jpg 379w, https:\/\/osnovnaskolamalinskadubasnica.hr\/wp-content\/uploads\/maturalac-galerija-250x165.jpg 250w\" sizes=\"auto, (max-width: 200px) 100vw, 200px\" \/><\/a><strong><a href=\"http:\/\/osnovnaskolamalinskadubasnica.hr\/?page_id=3657\">NA\u0160 MATURALAC<\/a><\/strong><\/p>\n<p><span style=\"color: #000000;\">Foto pri\u010da o ekskurziji osma\u0161a u Dubrovniku, od 29. rujna do 2. listopada<\/span><span style=\"color: #000000;\"> 2014.<br \/>\nfoto: <em>Luka Savin<\/em><\/span><\/p>\n<p style=\"text-align: justify;\"><span style=\"color: #000000;\"><em>\u00a0<\/em><\/span><\/p>\n<p style=\"text-align: justify;\"><strong><span style=\"color: #ff6600;\">\u00a0<\/span><\/strong><\/p>\n<p style=\"text-align: justify;\"><strong><span style=\"color: #ff6600;\">\u00a0<\/span><\/strong><\/p>\n","protected":false},"excerpt":{"rendered":"<p>Prvi kupa\u010di u Malinskoj na rije\u010dkom Korzu Dje\u010dji karneval u Rijeci, 8. velja\u010de 2020. foto: David Ro\u0161i\u0107 i Mihaela Ko\u0161i\u0107 ___________________________________________________________ \u010cetvrta\u0161i u Zagrebu i Hrvatskom zagorju 16. &#8211; 17. travnja 2019. foto: Iva Spiciarich i Anita \u010cemelji\u0107 &#8211; Karabai\u0107 &hellip; <a href=\"https:\/\/osnovnaskolamalinskadubasnica.hr\/?page_id=2642\">Nastavi \u010ditati <span class=\"meta-nav\">&rarr;<\/span><\/a><\/p>\n","protected":false},"author":1,"featured_media":0,"parent":0,"menu_order":0,"comment_status":"closed","ping_status":"closed","template":"","meta":{"footnotes":""},"class_list":["post-2642","page","type-page","status-publish","hentry"],"yoast_head":"<!-- This site is optimized with the Yoast SEO plugin v27.5 - https:\/\/yoast.com\/product\/yoast-seo-wordpress\/ -->\n<title>Fotogalerije - Osnovna \u0161kola Malinska-Duba\u0161nica<\/title>\n<meta name=\"robots\" content=\"index, follow, max-snippet:-1, max-image-preview:large, max-video-preview:-1\" \/>\n<link rel=\"canonical\" href=\"http:\/\/osnovnaskolamalinskadubasnica.hr\/?page_id=2642\" \/>\n<meta property=\"og:locale\" content=\"hr_HR\" \/>\n<meta property=\"og:type\" content=\"article\" \/>\n<meta property=\"og:title\" content=\"Fotogalerije - Osnovna \u0161kola Malinska-Duba\u0161nica\" \/>\n<meta property=\"og:description\" content=\"Prvi kupa\u010di u Malinskoj na rije\u010dkom Korzu Dje\u010dji karneval u Rijeci, 8. velja\u010de 2020. foto: David Ro\u0161i\u0107 i Mihaela Ko\u0161i\u0107 ___________________________________________________________ \u010cetvrta\u0161i u Zagrebu i Hrvatskom zagorju 16. &#8211; 17. travnja 2019. foto: Iva Spiciarich i Anita \u010cemelji\u0107 &#8211; Karabai\u0107 &hellip; Nastavi \u010ditati &rarr;\" \/>\n<meta property=\"og:url\" content=\"http:\/\/osnovnaskolamalinskadubasnica.hr\/?page_id=2642\" \/>\n<meta property=\"og:site_name\" content=\"Osnovna \u0161kola Malinska-Duba\u0161nica\" \/>\n<meta property=\"article:publisher\" content=\"https:\/\/www.facebook.com\/osmalinskadubasnica\/\" \/>\n<meta property=\"article:modified_time\" content=\"2020-02-11T19:51:39+00:00\" \/>\n<meta property=\"og:image\" content=\"http:\/\/osnovnaskolamalinskadubasnica.hr\/wp-content\/uploads\/bk-galerija-karneval-2020.jpg\" \/>\n<meta name=\"twitter:card\" content=\"summary_large_image\" \/>\n<meta name=\"twitter:label1\" content=\"Procijenjeno vrijeme \u010ditanja\" \/>\n\t<meta name=\"twitter:data1\" content=\"3 minute\" \/>\n<script type=\"application\/ld+json\" class=\"yoast-schema-graph\">{\"@context\":\"https:\\\/\\\/schema.org\",\"@graph\":[{\"@type\":\"WebPage\",\"@id\":\"http:\\\/\\\/osnovnaskolamalinskadubasnica.hr\\\/?page_id=2642\",\"url\":\"http:\\\/\\\/osnovnaskolamalinskadubasnica.hr\\\/?page_id=2642\",\"name\":\"Fotogalerije - Osnovna \u0161kola Malinska-Duba\u0161nica\",\"isPartOf\":{\"@id\":\"https:\\\/\\\/osnovnaskolamalinskadubasnica.hr\\\/#website\"},\"primaryImageOfPage\":{\"@id\":\"http:\\\/\\\/osnovnaskolamalinskadubasnica.hr\\\/?page_id=2642#primaryimage\"},\"image\":{\"@id\":\"http:\\\/\\\/osnovnaskolamalinskadubasnica.hr\\\/?page_id=2642#primaryimage\"},\"thumbnailUrl\":\"http:\\\/\\\/osnovnaskolamalinskadubasnica.hr\\\/wp-content\\\/uploads\\\/bk-galerija-karneval-2020.jpg\",\"datePublished\":\"2014-05-27T22:40:03+00:00\",\"dateModified\":\"2020-02-11T19:51:39+00:00\",\"breadcrumb\":{\"@id\":\"http:\\\/\\\/osnovnaskolamalinskadubasnica.hr\\\/?page_id=2642#breadcrumb\"},\"inLanguage\":\"hr\",\"potentialAction\":[{\"@type\":\"ReadAction\",\"target\":[\"http:\\\/\\\/osnovnaskolamalinskadubasnica.hr\\\/?page_id=2642\"]}]},{\"@type\":\"ImageObject\",\"inLanguage\":\"hr\",\"@id\":\"http:\\\/\\\/osnovnaskolamalinskadubasnica.hr\\\/?page_id=2642#primaryimage\",\"url\":\"https:\\\/\\\/osnovnaskolamalinskadubasnica.hr\\\/wp-content\\\/uploads\\\/bk-galerija-karneval-2020.jpg\",\"contentUrl\":\"https:\\\/\\\/osnovnaskolamalinskadubasnica.hr\\\/wp-content\\\/uploads\\\/bk-galerija-karneval-2020.jpg\",\"width\":379,\"height\":250},{\"@type\":\"BreadcrumbList\",\"@id\":\"http:\\\/\\\/osnovnaskolamalinskadubasnica.hr\\\/?page_id=2642#breadcrumb\",\"itemListElement\":[{\"@type\":\"ListItem\",\"position\":1,\"name\":\"Po\u010detna stranica\",\"item\":\"https:\\\/\\\/osnovnaskolamalinskadubasnica.hr\\\/\"},{\"@type\":\"ListItem\",\"position\":2,\"name\":\"Fotogalerije\"}]},{\"@type\":\"WebSite\",\"@id\":\"https:\\\/\\\/osnovnaskolamalinskadubasnica.hr\\\/#website\",\"url\":\"https:\\\/\\\/osnovnaskolamalinskadubasnica.hr\\\/\",\"name\":\"Osnovna \u0161kola Malinska-Duba\u0161nica\",\"description\":\"\",\"potentialAction\":[{\"@type\":\"SearchAction\",\"target\":{\"@type\":\"EntryPoint\",\"urlTemplate\":\"https:\\\/\\\/osnovnaskolamalinskadubasnica.hr\\\/?s={search_term_string}\"},\"query-input\":{\"@type\":\"PropertyValueSpecification\",\"valueRequired\":true,\"valueName\":\"search_term_string\"}}],\"inLanguage\":\"hr\"}]}<\/script>\n<!-- \/ Yoast SEO plugin. -->","yoast_head_json":{"title":"Fotogalerije - Osnovna \u0161kola Malinska-Duba\u0161nica","robots":{"index":"index","follow":"follow","max-snippet":"max-snippet:-1","max-image-preview":"max-image-preview:large","max-video-preview":"max-video-preview:-1"},"canonical":"http:\/\/osnovnaskolamalinskadubasnica.hr\/?page_id=2642","og_locale":"hr_HR","og_type":"article","og_title":"Fotogalerije - Osnovna \u0161kola Malinska-Duba\u0161nica","og_description":"Prvi kupa\u010di u Malinskoj na rije\u010dkom Korzu Dje\u010dji karneval u Rijeci, 8. velja\u010de 2020. foto: David Ro\u0161i\u0107 i Mihaela Ko\u0161i\u0107 ___________________________________________________________ \u010cetvrta\u0161i u Zagrebu i Hrvatskom zagorju 16. &#8211; 17. travnja 2019. foto: Iva Spiciarich i Anita \u010cemelji\u0107 &#8211; Karabai\u0107 &hellip; Nastavi \u010ditati &rarr;","og_url":"http:\/\/osnovnaskolamalinskadubasnica.hr\/?page_id=2642","og_site_name":"Osnovna \u0161kola Malinska-Duba\u0161nica","article_publisher":"https:\/\/www.facebook.com\/osmalinskadubasnica\/","article_modified_time":"2020-02-11T19:51:39+00:00","og_image":[{"url":"http:\/\/osnovnaskolamalinskadubasnica.hr\/wp-content\/uploads\/bk-galerija-karneval-2020.jpg","type":"","width":"","height":""}],"twitter_card":"summary_large_image","twitter_misc":{"Procijenjeno vrijeme \u010ditanja":"3 minute"},"schema":{"@context":"https:\/\/schema.org","@graph":[{"@type":"WebPage","@id":"http:\/\/osnovnaskolamalinskadubasnica.hr\/?page_id=2642","url":"http:\/\/osnovnaskolamalinskadubasnica.hr\/?page_id=2642","name":"Fotogalerije - Osnovna \u0161kola Malinska-Duba\u0161nica","isPartOf":{"@id":"https:\/\/osnovnaskolamalinskadubasnica.hr\/#website"},"primaryImageOfPage":{"@id":"http:\/\/osnovnaskolamalinskadubasnica.hr\/?page_id=2642#primaryimage"},"image":{"@id":"http:\/\/osnovnaskolamalinskadubasnica.hr\/?page_id=2642#primaryimage"},"thumbnailUrl":"http:\/\/osnovnaskolamalinskadubasnica.hr\/wp-content\/uploads\/bk-galerija-karneval-2020.jpg","datePublished":"2014-05-27T22:40:03+00:00","dateModified":"2020-02-11T19:51:39+00:00","breadcrumb":{"@id":"http:\/\/osnovnaskolamalinskadubasnica.hr\/?page_id=2642#breadcrumb"},"inLanguage":"hr","potentialAction":[{"@type":"ReadAction","target":["http:\/\/osnovnaskolamalinskadubasnica.hr\/?page_id=2642"]}]},{"@type":"ImageObject","inLanguage":"hr","@id":"http:\/\/osnovnaskolamalinskadubasnica.hr\/?page_id=2642#primaryimage","url":"https:\/\/osnovnaskolamalinskadubasnica.hr\/wp-content\/uploads\/bk-galerija-karneval-2020.jpg","contentUrl":"https:\/\/osnovnaskolamalinskadubasnica.hr\/wp-content\/uploads\/bk-galerija-karneval-2020.jpg","width":379,"height":250},{"@type":"BreadcrumbList","@id":"http:\/\/osnovnaskolamalinskadubasnica.hr\/?page_id=2642#breadcrumb","itemListElement":[{"@type":"ListItem","position":1,"name":"Po\u010detna stranica","item":"https:\/\/osnovnaskolamalinskadubasnica.hr\/"},{"@type":"ListItem","position":2,"name":"Fotogalerije"}]},{"@type":"WebSite","@id":"https:\/\/osnovnaskolamalinskadubasnica.hr\/#website","url":"https:\/\/osnovnaskolamalinskadubasnica.hr\/","name":"Osnovna \u0161kola Malinska-Duba\u0161nica","description":"","potentialAction":[{"@type":"SearchAction","target":{"@type":"EntryPoint","urlTemplate":"https:\/\/osnovnaskolamalinskadubasnica.hr\/?s={search_term_string}"},"query-input":{"@type":"PropertyValueSpecification","valueRequired":true,"valueName":"search_term_string"}}],"inLanguage":"hr"}]}},"_links":{"self":[{"href":"https:\/\/osnovnaskolamalinskadubasnica.hr\/index.php?rest_route=\/wp\/v2\/pages\/2642","targetHints":{"allow":["GET"]}}],"collection":[{"href":"https:\/\/osnovnaskolamalinskadubasnica.hr\/index.php?rest_route=\/wp\/v2\/pages"}],"about":[{"href":"https:\/\/osnovnaskolamalinskadubasnica.hr\/index.php?rest_route=\/wp\/v2\/types\/page"}],"author":[{"embeddable":true,"href":"https:\/\/osnovnaskolamalinskadubasnica.hr\/index.php?rest_route=\/wp\/v2\/users\/1"}],"replies":[{"embeddable":true,"href":"https:\/\/osnovnaskolamalinskadubasnica.hr\/index.php?rest_route=%2Fwp%2Fv2%2Fcomments&post=2642"}],"version-history":[{"count":101,"href":"https:\/\/osnovnaskolamalinskadubasnica.hr\/index.php?rest_route=\/wp\/v2\/pages\/2642\/revisions"}],"predecessor-version":[{"id":17434,"href":"https:\/\/osnovnaskolamalinskadubasnica.hr\/index.php?rest_route=\/wp\/v2\/pages\/2642\/revisions\/17434"}],"wp:attachment":[{"href":"https:\/\/osnovnaskolamalinskadubasnica.hr\/index.php?rest_route=%2Fwp%2Fv2%2Fmedia&parent=2642"}],"curies":[{"name":"wp","href":"https:\/\/api.w.org\/{rel}","templated":true}]}}