{"id":2371,"date":"2014-05-05T21:32:02","date_gmt":"2014-05-05T21:32:02","guid":{"rendered":"http:\/\/osnovnaskolakrk.hr\/malinska\/?page_id=2371"},"modified":"2023-09-13T16:34:31","modified_gmt":"2023-09-13T15:34:31","slug":"glazbeni-kutak","status":"publish","type":"page","link":"https:\/\/osnovnaskolamalinskadubasnica.hr\/?page_id=2371","title":{"rendered":"Glazbeni i video kutak"},"content":{"rendered":"<p><span style=\"color: #000000;\"><strong>\u00a0<\/strong><\/span><\/p>\n<p><a href=\"http:\/\/osnovnaskolamalinskadubasnica.hr\/?p=25627\" target=\"_blank\" rel=\"noopener\"><img loading=\"lazy\" decoding=\"async\" class=\"alignleft wp-image-25626\" src=\"http:\/\/osnovnaskolamalinskadubasnica.hr\/wp-content\/uploads\/va-vrte-WEB.jpg\" alt=\"\" width=\"272\" height=\"202\" srcset=\"https:\/\/osnovnaskolamalinskadubasnica.hr\/wp-content\/uploads\/va-vrte-WEB.jpg 924w, https:\/\/osnovnaskolamalinskadubasnica.hr\/wp-content\/uploads\/va-vrte-WEB-768x569.jpg 768w\" sizes=\"auto, (max-width: 272px) 100vw, 272px\" \/><\/a><a href=\"http:\/\/osnovnaskolamalinskadubasnica.hr\/?p=25627\" target=\"_blank\" rel=\"noopener\"><strong>Va vrte puli mamice<\/strong><\/a><\/p>\n<p style=\"text-align: justify;\"><span style=\"color: #000000;\">U lipnju 2023. godine u\u010denici drugih i tre\u0107ih razreda produ\u017eenog boravka snimili su video na temu zdrave hrane. Video je nastao na poticaj natje\u010daja renomirane hotelske korporacije, a koliko su bili kreativi pogledajte u nastavku! <img decoding=\"async\" class=\"emoji\" role=\"img\" draggable=\"false\" src=\"https:\/\/s.w.org\/images\/core\/emoji\/13.0.1\/svg\/1f49a.svg\" alt=\"\ud83d\udc9a\" \/><\/span><\/p>\n<p><strong><span style=\"color: #ff6600;\">&#8230;&#8230;&#8230;&#8230;&#8230;&#8230;&#8230;&#8230;&#8230;&#8230;&#8230;&#8230;&#8230;&#8230;&#8230;&#8230;&#8230;&#8230;&#8230;&#8230;&#8230;&#8230;&#8230;&#8230;&#8230;&#8230;&#8230;&#8230;&#8230;&#8230;&#8230;&#8230;&#8230;&#8230;&#8230;&#8230;&#8230;&#8230;&#8230;&#8230;&#8230;&#8230;..<\/span><\/strong><\/p>\n<p><a href=\"http:\/\/osnovnaskolamalinskadubasnica.hr\/?p=24038\"><img loading=\"lazy\" decoding=\"async\" class=\"alignleft wp-image-24039\" src=\"http:\/\/osnovnaskolamalinskadubasnica.hr\/wp-content\/uploads\/budjenje-jutra.jpg\" alt=\"\" width=\"272\" height=\"200\" srcset=\"https:\/\/osnovnaskolamalinskadubasnica.hr\/wp-content\/uploads\/budjenje-jutra.jpg 876w, https:\/\/osnovnaskolamalinskadubasnica.hr\/wp-content\/uploads\/budjenje-jutra-768x564.jpg 768w\" sizes=\"auto, (max-width: 272px) 100vw, 272px\" \/><\/a><strong><a href=\"http:\/\/osnovnaskolamalinskadubasnica.hr\/?p=24038\">Bu\u0111enje proljetnog jutra<\/a><\/strong><\/p>\n<p style=\"text-align: justify;\"><span style=\"color: #000000;\">Donosimo snimku zanimljivog poetsko-glazbenog nastupa <em>Bu\u0111enje proljetnog jutra<\/em> koji su zajedno izveli u\u010denici 1.a razreda i njihova u\u010diteljica Ivona Dundovi\u0107-Ljuti\u0107.<\/span><\/p>\n<p><strong><span style=\"color: #ff9900;\">&#8230;&#8230;&#8230;&#8230;&#8230;&#8230;&#8230;&#8230;&#8230;&#8230;&#8230;&#8230;&#8230;&#8230;&#8230;&#8230;&#8230;&#8230;&#8230;&#8230;&#8230;&#8230;&#8230;&#8230;&#8230;&#8230;&#8230;&#8230;&#8230;&#8230;&#8230;&#8230;&#8230;&#8230;&#8230;&#8230;&#8230;&#8230;&#8230;&#8230;&#8230;&#8230;..<\/span><\/strong><\/p>\n<p><a href=\"http:\/\/osnovnaskolamalinskadubasnica.hr\/?p=8783\"><img loading=\"lazy\" decoding=\"async\" class=\"alignleft wp-image-8853\" src=\"http:\/\/osnovnaskolamalinskadubasnica.hr\/wp-content\/uploads\/Mannequin-Challenge.jpg\" width=\"272\" height=\"179\" srcset=\"https:\/\/osnovnaskolamalinskadubasnica.hr\/wp-content\/uploads\/Mannequin-Challenge.jpg 758w, https:\/\/osnovnaskolamalinskadubasnica.hr\/wp-content\/uploads\/Mannequin-Challenge-250x165.jpg 250w\" sizes=\"auto, (max-width: 272px) 100vw, 272px\" \/><\/a><strong><a href=\"http:\/\/osnovnaskolamalinskadubasnica.hr\/?p=8783\">Mannequin Challenge<\/a><\/strong><\/p>\n<p style=\"text-align: justify;\"><span style=\"color: #000000;\">Sedma\u0161i su snimili svoj Mannequin Challenge video \ud83d\ude42<\/span><\/p>\n<p><em><strong><a href=\"http:\/\/osnovnaskolamalinskadubasnica.hr\/?p=8783\">Pogledajte njihove video uratke!<\/a><\/strong><\/em><\/p>\n<p><strong><span style=\"color: #ff6600;\">&#8230;&#8230;&#8230;&#8230;&#8230;&#8230;&#8230;&#8230;&#8230;&#8230;&#8230;&#8230;&#8230;&#8230;&#8230;&#8230;&#8230;&#8230;&#8230;&#8230;&#8230;&#8230;&#8230;&#8230;&#8230;&#8230;&#8230;&#8230;&#8230;&#8230;&#8230;&#8230;&#8230;&#8230;&#8230;&#8230;&#8230;&#8230;&#8230;&#8230;&#8230;&#8230;..<\/span><\/strong><\/p>\n<p style=\"text-align: left;\"><a href=\"http:\/\/osnovnaskolamalinskadubasnica.hr\/?p=7882\"><img loading=\"lazy\" decoding=\"async\" class=\"alignleft wp-image-7883\" src=\"http:\/\/osnovnaskolamalinskadubasnica.hr\/wp-content\/uploads\/Izrezak-1.jpg\" width=\"272\" height=\"153\" srcset=\"https:\/\/osnovnaskolamalinskadubasnica.hr\/wp-content\/uploads\/Izrezak-1.jpg 807w, https:\/\/osnovnaskolamalinskadubasnica.hr\/wp-content\/uploads\/Izrezak-1-768x433.jpg 768w, https:\/\/osnovnaskolamalinskadubasnica.hr\/wp-content\/uploads\/Izrezak-1-250x141.jpg 250w\" sizes=\"auto, (max-width: 272px) 100vw, 272px\" \/><\/a><strong><a href=\"http:\/\/osnovnaskolamalinskadubasnica.hr\/?p=7882\">Snimka revijalnog nastupa na\u0161ih gimnasti\u010dara<\/a><\/strong><\/p>\n<p style=\"text-align: justify;\"><span style=\"color: #000000;\">Sve\u010dana proslava Dana \u0160kole, 20. svibnja 2016.<\/span><\/p>\n<p><em><strong><a href=\"http:\/\/osnovnaskolamalinskadubasnica.hr\/?p=7882\">Pogledajte video!<\/a><\/strong><\/em><\/p>\n<p><strong><span style=\"color: #ff6600;\">&#8230;&#8230;&#8230;&#8230;&#8230;&#8230;&#8230;&#8230;&#8230;&#8230;&#8230;&#8230;&#8230;&#8230;&#8230;&#8230;&#8230;&#8230;&#8230;&#8230;&#8230;&#8230;&#8230;&#8230;&#8230;&#8230;&#8230;&#8230;&#8230;&#8230;&#8230;&#8230;&#8230;&#8230;&#8230;&#8230;&#8230;&#8230;&#8230;&#8230;&#8230;&#8230;..<\/span><\/strong><\/p>\n<p><a href=\"http:\/\/osnovnaskolamalinskadubasnica.hr\/?p=7808\"><img loading=\"lazy\" decoding=\"async\" class=\"alignleft wp-image-7809\" src=\"http:\/\/osnovnaskolamalinskadubasnica.hr\/wp-content\/uploads\/sopele.jpg\" width=\"272\" height=\"205\" srcset=\"https:\/\/osnovnaskolamalinskadubasnica.hr\/wp-content\/uploads\/sopele.jpg 639w, https:\/\/osnovnaskolamalinskadubasnica.hr\/wp-content\/uploads\/sopele-250x188.jpg 250w\" sizes=\"auto, (max-width: 272px) 100vw, 272px\" \/><\/a><strong><a href=\"http:\/\/osnovnaskolamalinskadubasnica.hr\/?p=7808\">\u0160kolski sat uz zvuk sopela<\/a><\/strong><\/p>\n<p style=\"text-align: justify;\"><span style=\"color: #000000;\">Osma\u0161i Andrija Kralji\u0107 i Marko Fale\u017ei\u0107 zasvirali su sopele gostuju\u0107i na satu glazbene kulture drugih razreda.<\/span><\/p>\n<p><strong><a href=\"http:\/\/osnovnaskolamalinskadubasnica.hr\/?p=7808\">Pogledajte video!<\/a><\/strong><\/p>\n<p><strong><span style=\"color: #ff6600;\">&#8230;&#8230;&#8230;&#8230;&#8230;&#8230;&#8230;&#8230;&#8230;&#8230;&#8230;&#8230;&#8230;&#8230;&#8230;&#8230;&#8230;&#8230;&#8230;&#8230;&#8230;&#8230;&#8230;&#8230;&#8230;&#8230;&#8230;&#8230;&#8230;&#8230;&#8230;&#8230;&#8230;&#8230;&#8230;&#8230;&#8230;&#8230;&#8230;&#8230;&#8230;&#8230;..<\/span><\/strong><\/p>\n<h3><a href=\"http:\/\/osnovnaskolamalinskadubasnica.hr\/?page_id=3386\"><img loading=\"lazy\" decoding=\"async\" class=\"alignleft wp-image-8791\" src=\"http:\/\/osnovnaskolamalinskadubasnica.hr\/wp-content\/uploads\/osmi.jpg\" width=\"272\" height=\"172\" srcset=\"https:\/\/osnovnaskolamalinskadubasnica.hr\/wp-content\/uploads\/osmi.jpg 761w, https:\/\/osnovnaskolamalinskadubasnica.hr\/wp-content\/uploads\/osmi-250x158.jpg 250w\" sizes=\"auto, (max-width: 272px) 100vw, 272px\" \/><\/a><strong><a title=\"Bili smo jednom najbolji\" href=\"http:\/\/osnovnaskolamalinskadubasnica.hr\/?page_id=3386\">Bili smo jednom najbolji<\/a><\/strong><\/h3>\n<p style=\"text-align: justify;\"><em><span style=\"color: #000000;\">Video pri\u010da o generaciji osma\u0161a 2013.\/2014.<br \/>\n<\/span><\/em><\/p>\n<p><strong><em><a title=\"Bili smo jednom najbolji\" href=\"http:\/\/osnovnaskolamalinskadubasnica.hr\/?page_id=3386\">Klik na video!<\/a><\/em><\/strong><\/p>\n<p>&nbsp;<\/p>\n<p>&nbsp;<\/p>\n<p>&nbsp;<\/p>\n<p>&nbsp;<\/p>\n<p style=\"text-align: justify;\">\n","protected":false},"excerpt":{"rendered":"<p>\u00a0 Va vrte puli mamice U lipnju 2023. godine u\u010denici drugih i tre\u0107ih razreda produ\u017eenog boravka snimili su video na temu zdrave hrane. Video je nastao na poticaj natje\u010daja renomirane hotelske korporacije, a koliko su bili kreativi pogledajte u nastavku! &hellip; <a href=\"https:\/\/osnovnaskolamalinskadubasnica.hr\/?page_id=2371\">Nastavi \u010ditati <span class=\"meta-nav\">&rarr;<\/span><\/a><\/p>\n","protected":false},"author":1,"featured_media":0,"parent":0,"menu_order":0,"comment_status":"closed","ping_status":"closed","template":"","meta":{"footnotes":""},"class_list":["post-2371","page","type-page","status-publish","hentry"],"yoast_head":"<!-- This site is optimized with the Yoast SEO plugin v27.5 - https:\/\/yoast.com\/product\/yoast-seo-wordpress\/ -->\n<title>Glazbeni i video kutak - Osnovna \u0161kola Malinska-Duba\u0161nica<\/title>\n<meta name=\"robots\" content=\"index, follow, max-snippet:-1, max-image-preview:large, max-video-preview:-1\" \/>\n<link rel=\"canonical\" href=\"https:\/\/osnovnaskolamalinskadubasnica.hr\/?page_id=2371\" \/>\n<meta property=\"og:locale\" content=\"hr_HR\" \/>\n<meta property=\"og:type\" content=\"article\" \/>\n<meta property=\"og:title\" content=\"Glazbeni i video kutak - Osnovna \u0161kola Malinska-Duba\u0161nica\" \/>\n<meta property=\"og:description\" content=\"\u00a0 Va vrte puli mamice U lipnju 2023. godine u\u010denici drugih i tre\u0107ih razreda produ\u017eenog boravka snimili su video na temu zdrave hrane. Video je nastao na poticaj natje\u010daja renomirane hotelske korporacije, a koliko su bili kreativi pogledajte u nastavku! &hellip; Nastavi \u010ditati &rarr;\" \/>\n<meta property=\"og:url\" content=\"https:\/\/osnovnaskolamalinskadubasnica.hr\/?page_id=2371\" \/>\n<meta property=\"og:site_name\" content=\"Osnovna \u0161kola Malinska-Duba\u0161nica\" \/>\n<meta property=\"article:publisher\" content=\"https:\/\/www.facebook.com\/osmalinskadubasnica\/\" \/>\n<meta property=\"article:modified_time\" content=\"2023-09-13T15:34:31+00:00\" \/>\n<meta property=\"og:image\" content=\"http:\/\/osnovnaskolamalinskadubasnica.hr\/wp-content\/uploads\/va-vrte-WEB.jpg\" \/>\n<meta name=\"twitter:card\" content=\"summary_large_image\" \/>\n<meta name=\"twitter:label1\" content=\"Procijenjeno vrijeme \u010ditanja\" \/>\n\t<meta name=\"twitter:data1\" content=\"3 minute\" \/>\n<script type=\"application\/ld+json\" class=\"yoast-schema-graph\">{\"@context\":\"https:\\\/\\\/schema.org\",\"@graph\":[{\"@type\":\"WebPage\",\"@id\":\"https:\\\/\\\/osnovnaskolamalinskadubasnica.hr\\\/?page_id=2371\",\"url\":\"https:\\\/\\\/osnovnaskolamalinskadubasnica.hr\\\/?page_id=2371\",\"name\":\"Glazbeni i video kutak - Osnovna \u0161kola Malinska-Duba\u0161nica\",\"isPartOf\":{\"@id\":\"http:\\\/\\\/osnovnaskolamalinskadubasnica.hr\\\/#website\"},\"primaryImageOfPage\":{\"@id\":\"https:\\\/\\\/osnovnaskolamalinskadubasnica.hr\\\/?page_id=2371#primaryimage\"},\"image\":{\"@id\":\"https:\\\/\\\/osnovnaskolamalinskadubasnica.hr\\\/?page_id=2371#primaryimage\"},\"thumbnailUrl\":\"http:\\\/\\\/osnovnaskolamalinskadubasnica.hr\\\/wp-content\\\/uploads\\\/va-vrte-WEB.jpg\",\"datePublished\":\"2014-05-05T21:32:02+00:00\",\"dateModified\":\"2023-09-13T15:34:31+00:00\",\"breadcrumb\":{\"@id\":\"https:\\\/\\\/osnovnaskolamalinskadubasnica.hr\\\/?page_id=2371#breadcrumb\"},\"inLanguage\":\"hr\",\"potentialAction\":[{\"@type\":\"ReadAction\",\"target\":[\"https:\\\/\\\/osnovnaskolamalinskadubasnica.hr\\\/?page_id=2371\"]}]},{\"@type\":\"ImageObject\",\"inLanguage\":\"hr\",\"@id\":\"https:\\\/\\\/osnovnaskolamalinskadubasnica.hr\\\/?page_id=2371#primaryimage\",\"url\":\"https:\\\/\\\/osnovnaskolamalinskadubasnica.hr\\\/wp-content\\\/uploads\\\/va-vrte-WEB.jpg\",\"contentUrl\":\"https:\\\/\\\/osnovnaskolamalinskadubasnica.hr\\\/wp-content\\\/uploads\\\/va-vrte-WEB.jpg\",\"width\":924,\"height\":685},{\"@type\":\"BreadcrumbList\",\"@id\":\"https:\\\/\\\/osnovnaskolamalinskadubasnica.hr\\\/?page_id=2371#breadcrumb\",\"itemListElement\":[{\"@type\":\"ListItem\",\"position\":1,\"name\":\"Po\u010detna stranica\",\"item\":\"http:\\\/\\\/osnovnaskolamalinskadubasnica.hr\\\/\"},{\"@type\":\"ListItem\",\"position\":2,\"name\":\"Glazbeni i video kutak\"}]},{\"@type\":\"WebSite\",\"@id\":\"http:\\\/\\\/osnovnaskolamalinskadubasnica.hr\\\/#website\",\"url\":\"http:\\\/\\\/osnovnaskolamalinskadubasnica.hr\\\/\",\"name\":\"Osnovna \u0161kola Malinska-Duba\u0161nica\",\"description\":\"\",\"potentialAction\":[{\"@type\":\"SearchAction\",\"target\":{\"@type\":\"EntryPoint\",\"urlTemplate\":\"http:\\\/\\\/osnovnaskolamalinskadubasnica.hr\\\/?s={search_term_string}\"},\"query-input\":{\"@type\":\"PropertyValueSpecification\",\"valueRequired\":true,\"valueName\":\"search_term_string\"}}],\"inLanguage\":\"hr\"}]}<\/script>\n<!-- \/ Yoast SEO plugin. -->","yoast_head_json":{"title":"Glazbeni i video kutak - Osnovna \u0161kola Malinska-Duba\u0161nica","robots":{"index":"index","follow":"follow","max-snippet":"max-snippet:-1","max-image-preview":"max-image-preview:large","max-video-preview":"max-video-preview:-1"},"canonical":"https:\/\/osnovnaskolamalinskadubasnica.hr\/?page_id=2371","og_locale":"hr_HR","og_type":"article","og_title":"Glazbeni i video kutak - Osnovna \u0161kola Malinska-Duba\u0161nica","og_description":"\u00a0 Va vrte puli mamice U lipnju 2023. godine u\u010denici drugih i tre\u0107ih razreda produ\u017eenog boravka snimili su video na temu zdrave hrane. Video je nastao na poticaj natje\u010daja renomirane hotelske korporacije, a koliko su bili kreativi pogledajte u nastavku! &hellip; Nastavi \u010ditati &rarr;","og_url":"https:\/\/osnovnaskolamalinskadubasnica.hr\/?page_id=2371","og_site_name":"Osnovna \u0161kola Malinska-Duba\u0161nica","article_publisher":"https:\/\/www.facebook.com\/osmalinskadubasnica\/","article_modified_time":"2023-09-13T15:34:31+00:00","og_image":[{"url":"http:\/\/osnovnaskolamalinskadubasnica.hr\/wp-content\/uploads\/va-vrte-WEB.jpg","type":"","width":"","height":""}],"twitter_card":"summary_large_image","twitter_misc":{"Procijenjeno vrijeme \u010ditanja":"3 minute"},"schema":{"@context":"https:\/\/schema.org","@graph":[{"@type":"WebPage","@id":"https:\/\/osnovnaskolamalinskadubasnica.hr\/?page_id=2371","url":"https:\/\/osnovnaskolamalinskadubasnica.hr\/?page_id=2371","name":"Glazbeni i video kutak - Osnovna \u0161kola Malinska-Duba\u0161nica","isPartOf":{"@id":"http:\/\/osnovnaskolamalinskadubasnica.hr\/#website"},"primaryImageOfPage":{"@id":"https:\/\/osnovnaskolamalinskadubasnica.hr\/?page_id=2371#primaryimage"},"image":{"@id":"https:\/\/osnovnaskolamalinskadubasnica.hr\/?page_id=2371#primaryimage"},"thumbnailUrl":"http:\/\/osnovnaskolamalinskadubasnica.hr\/wp-content\/uploads\/va-vrte-WEB.jpg","datePublished":"2014-05-05T21:32:02+00:00","dateModified":"2023-09-13T15:34:31+00:00","breadcrumb":{"@id":"https:\/\/osnovnaskolamalinskadubasnica.hr\/?page_id=2371#breadcrumb"},"inLanguage":"hr","potentialAction":[{"@type":"ReadAction","target":["https:\/\/osnovnaskolamalinskadubasnica.hr\/?page_id=2371"]}]},{"@type":"ImageObject","inLanguage":"hr","@id":"https:\/\/osnovnaskolamalinskadubasnica.hr\/?page_id=2371#primaryimage","url":"https:\/\/osnovnaskolamalinskadubasnica.hr\/wp-content\/uploads\/va-vrte-WEB.jpg","contentUrl":"https:\/\/osnovnaskolamalinskadubasnica.hr\/wp-content\/uploads\/va-vrte-WEB.jpg","width":924,"height":685},{"@type":"BreadcrumbList","@id":"https:\/\/osnovnaskolamalinskadubasnica.hr\/?page_id=2371#breadcrumb","itemListElement":[{"@type":"ListItem","position":1,"name":"Po\u010detna stranica","item":"http:\/\/osnovnaskolamalinskadubasnica.hr\/"},{"@type":"ListItem","position":2,"name":"Glazbeni i video kutak"}]},{"@type":"WebSite","@id":"http:\/\/osnovnaskolamalinskadubasnica.hr\/#website","url":"http:\/\/osnovnaskolamalinskadubasnica.hr\/","name":"Osnovna \u0161kola Malinska-Duba\u0161nica","description":"","potentialAction":[{"@type":"SearchAction","target":{"@type":"EntryPoint","urlTemplate":"http:\/\/osnovnaskolamalinskadubasnica.hr\/?s={search_term_string}"},"query-input":{"@type":"PropertyValueSpecification","valueRequired":true,"valueName":"search_term_string"}}],"inLanguage":"hr"}]}},"_links":{"self":[{"href":"https:\/\/osnovnaskolamalinskadubasnica.hr\/index.php?rest_route=\/wp\/v2\/pages\/2371","targetHints":{"allow":["GET"]}}],"collection":[{"href":"https:\/\/osnovnaskolamalinskadubasnica.hr\/index.php?rest_route=\/wp\/v2\/pages"}],"about":[{"href":"https:\/\/osnovnaskolamalinskadubasnica.hr\/index.php?rest_route=\/wp\/v2\/types\/page"}],"author":[{"embeddable":true,"href":"https:\/\/osnovnaskolamalinskadubasnica.hr\/index.php?rest_route=\/wp\/v2\/users\/1"}],"replies":[{"embeddable":true,"href":"https:\/\/osnovnaskolamalinskadubasnica.hr\/index.php?rest_route=%2Fwp%2Fv2%2Fcomments&post=2371"}],"version-history":[{"count":31,"href":"https:\/\/osnovnaskolamalinskadubasnica.hr\/index.php?rest_route=\/wp\/v2\/pages\/2371\/revisions"}],"predecessor-version":[{"id":25630,"href":"https:\/\/osnovnaskolamalinskadubasnica.hr\/index.php?rest_route=\/wp\/v2\/pages\/2371\/revisions\/25630"}],"wp:attachment":[{"href":"https:\/\/osnovnaskolamalinskadubasnica.hr\/index.php?rest_route=%2Fwp%2Fv2%2Fmedia&parent=2371"}],"curies":[{"name":"wp","href":"https:\/\/api.w.org\/{rel}","templated":true}]}}