{"id":15838,"date":"2019-05-17T20:24:13","date_gmt":"2019-05-17T20:24:13","guid":{"rendered":"http:\/\/osnovnaskolamalinskadubasnica.hr\/?page_id=15838"},"modified":"2023-06-22T15:19:08","modified_gmt":"2023-06-22T14:19:08","slug":"citateljski-klub-dub","status":"publish","type":"page","link":"https:\/\/osnovnaskolamalinskadubasnica.hr\/?page_id=15838","title":{"rendered":"\u010citateljski klub Dub"},"content":{"rendered":"<p><a href=\"http:\/\/osnovnaskolamalinskadubasnica.hr\/?p=25350\" target=\"_blank\" rel=\"noopener\"><img loading=\"lazy\" decoding=\"async\" class=\"alignleft wp-image-25349\" src=\"http:\/\/osnovnaskolamalinskadubasnica.hr\/wp-content\/uploads\/piknik-23-web.jpg\" alt=\"\" width=\"272\" height=\"204\" srcset=\"https:\/\/osnovnaskolamalinskadubasnica.hr\/wp-content\/uploads\/piknik-23-web.jpg 921w, https:\/\/osnovnaskolamalinskadubasnica.hr\/wp-content\/uploads\/piknik-23-web-768x575.jpg 768w\" sizes=\"auto, (max-width: 272px) 100vw, 272px\" \/><\/a><strong><a href=\"http:\/\/osnovnaskolamalinskadubasnica.hr\/?p=25350\" target=\"_blank\" rel=\"noopener\">\u010citateljski piknik<\/a><\/strong><\/p>\n<p style=\"text-align: justify;\"><span style=\"color: #000000;\">\u010cetvrtak, 15. lipnja, bio je poseban dan za na\u0161 \u010ditateljski klub. Bio je to posljednji susret ove nastavne godine i opro\u0161taj od osma\u0161ica koje su u \u010ditateljskome klubu od njegovih po\u010detaka.<\/span><\/p>\n<p><em><a href=\"http:\/\/osnovnaskolamalinskadubasnica.hr\/?p=25350\" target=\"_blank\" rel=\"noopener noreferrer\">Nastavi \u010ditati \u279d<\/a><\/em><\/p>\n<p><strong>________________________________________________________<\/strong><\/p>\n<p style=\"text-align: justify;\"><span style=\"color: #000000;\"><strong><a href=\"http:\/\/osnovnaskolamalinskadubasnica.hr\/?p=24296\"><img loading=\"lazy\" decoding=\"async\" class=\"alignleft wp-image-24297\" src=\"http:\/\/osnovnaskolamalinskadubasnica.hr\/wp-content\/uploads\/videonajave-knjiga.jpg\" alt=\"\" width=\"272\" height=\"177\" srcset=\"https:\/\/osnovnaskolamalinskadubasnica.hr\/wp-content\/uploads\/videonajave-knjiga.jpg 865w, https:\/\/osnovnaskolamalinskadubasnica.hr\/wp-content\/uploads\/videonajave-knjiga-768x501.jpg 768w\" sizes=\"auto, (max-width: 272px) 100vw, 272px\" \/><\/a><a href=\"http:\/\/osnovnaskolamalinskadubasnica.hr\/?p=24296\">Snimanje videonajava knjiga<\/a><\/strong><br \/>\n<\/span><\/p>\n<p style=\"text-align: justify;\"><span style=\"color: #000000;\">\u010clanice \u010citateljskog kluba \u201eDub\u201c odazvale su se na <em>Javni poziv osnovnim i srednjim \u0161kolama za videonajave knjiga<\/em> koji je uputilo Ministarstvo kulture i medija.<\/span><\/p>\n<p><em><a href=\"http:\/\/osnovnaskolamalinskadubasnica.hr\/?p=24296\" target=\"_blank\" rel=\"noopener noreferrer\">Nastavi \u010ditati \u279d<\/a><\/em><\/p>\n<p><strong>________________________________________________________<\/strong><\/p>\n<p><a href=\"http:\/\/osnovnaskolamalinskadubasnica.hr\/?p=20872\"><img loading=\"lazy\" decoding=\"async\" class=\"alignleft wp-image-20873\" src=\"http:\/\/osnovnaskolamalinskadubasnica.hr\/wp-content\/uploads\/rijeka-ck-dub-web.jpg\" alt=\"\" width=\"272\" height=\"204\" srcset=\"https:\/\/osnovnaskolamalinskadubasnica.hr\/wp-content\/uploads\/rijeka-ck-dub-web.jpg 936w, https:\/\/osnovnaskolamalinskadubasnica.hr\/wp-content\/uploads\/rijeka-ck-dub-web-768x576.jpg 768w\" sizes=\"auto, (max-width: 272px) 100vw, 272px\" \/><\/a><a href=\"http:\/\/osnovnaskolamalinskadubasnica.hr\/?p=20872\"><strong>IZLET U RIJEKU<\/strong><\/a><\/p>\n<p style=\"text-align: justify;\"><span style=\"color: #000000;\">\u010clanice \u010citateljskog kluba DUB bile su na svojem prvom izletu sa knji\u017ei\u010darkom Anikom \u017degarac. Dan u Rijeci bio je ispunjen zanimljivim mjestima i lijepim susretima.<\/span><\/p>\n<p><em><a href=\"http:\/\/osnovnaskolamalinskadubasnica.hr\/?p=20872\" target=\"_blank\" rel=\"noopener noreferrer\">Nastavi \u010ditati \u279d<\/a><\/em><\/p>\n<p><strong>________________________________________________________<\/strong><\/p>\n<p><a href=\"http:\/\/osnovnaskolamalinskadubasnica.hr\/?p=15979\"><img loading=\"lazy\" decoding=\"async\" class=\"alignleft wp-image-15978\" src=\"http:\/\/osnovnaskolamalinskadubasnica.hr\/wp-content\/uploads\/veseli-zemljopis.jpg\" alt=\"\" width=\"272\" height=\"184\" \/><\/a><strong><a href=\"http:\/\/osnovnaskolamalinskadubasnica.hr\/?p=15979\" target=\"_blank\" rel=\"noopener noreferrer\">VESELI ZEMLJOPIS<\/a><\/strong><\/p>\n<p style=\"text-align: justify;\"><span style=\"color: #000000;\">\u010citateljski klub DUB okupio se 29. svibnja kako bi se dru\u017eio uz djelo Zvonimira Baloga <em>Veseli zemljopis, <\/em>zbirke \u0161aljivih pjesama u kojoj su teme vezane za hrvatske otoke, rijeke i planine.<\/span><\/p>\n<p><em><a href=\"http:\/\/osnovnaskolamalinskadubasnica.hr\/?p=15979\" target=\"_blank\" rel=\"noopener noreferrer\">Nastavi \u010ditati \u279d<\/a><\/em><\/p>\n<p><span style=\"color: #ff6600;\"><strong>________________________________________________________<\/strong><\/span><\/p>\n<p style=\"text-align: justify;\"><a href=\"http:\/\/osnovnaskolamalinskadubasnica.hr\/?p=15835\" target=\"_blank\" rel=\"noopener noreferrer\"><img loading=\"lazy\" decoding=\"async\" class=\"alignleft wp-image-15833\" src=\"http:\/\/osnovnaskolamalinskadubasnica.hr\/wp-content\/uploads\/dub-cover-photo.jpg\" alt=\"\" width=\"272\" height=\"193\" srcset=\"https:\/\/osnovnaskolamalinskadubasnica.hr\/wp-content\/uploads\/dub-cover-photo.jpg 909w, https:\/\/osnovnaskolamalinskadubasnica.hr\/wp-content\/uploads\/dub-cover-photo-768x544.jpg 768w\" sizes=\"auto, (max-width: 272px) 100vw, 272px\" \/><\/a><a href=\"http:\/\/osnovnaskolamalinskadubasnica.hr\/?p=15835\" target=\"_blank\" rel=\"noopener noreferrer\"><strong>\u010citateljski klub Dub krenuo punom parom!<\/strong><\/a><\/p>\n<p style=\"text-align: justify;\"><span style=\"color: #000000;\">Nakon po\u010detnog okupljanja i formalnog osnivanja \u010ditateljskoga kluba uslijedio nam je prvi radni sastanak.<br \/>\n<\/span><\/p>\n<p><em><a href=\"http:\/\/osnovnaskolamalinskadubasnica.hr\/?p=15835\" target=\"_blank\" rel=\"noopener noreferrer\">Nastavi \u010ditati \u279d<\/a><\/em><\/p>\n<p><strong><span style=\"color: #ff6600;\">________________________________________________________<\/span><\/strong><\/p>\n<p style=\"text-align: justify;\"><span style=\"color: #000000;\"><a href=\"http:\/\/osnovnaskolamalinskadubasnica.hr\/?p=15485\" target=\"_blank\" rel=\"noopener noreferrer\"><img loading=\"lazy\" decoding=\"async\" class=\"alignleft wp-image-15483\" src=\"http:\/\/osnovnaskolamalinskadubasnica.hr\/wp-content\/uploads\/klub-dub-naslovna.jpg\" alt=\"\" width=\"272\" height=\"188\" srcset=\"https:\/\/osnovnaskolamalinskadubasnica.hr\/wp-content\/uploads\/klub-dub-naslovna.jpg 835w, https:\/\/osnovnaskolamalinskadubasnica.hr\/wp-content\/uploads\/klub-dub-naslovna-768x530.jpg 768w\" sizes=\"auto, (max-width: 272px) 100vw, 272px\" \/><\/a><\/span><strong><a href=\"http:\/\/osnovnaskolamalinskadubasnica.hr\/?p=15485\" target=\"_blank\" rel=\"noopener noreferrer\">\u010citateljski klub Dub<\/a><\/strong><\/p>\n<p style=\"text-align: justify;\"><span style=\"color: #000000;\">Postoji li bolje vrijeme za osnivanje \u010ditateljskoga kluba od mjeseca travnja?! Travanj &#8211; mjesec u kojem se obilje\u017eava Me\u0111unarodni dan dje\u010dje knjige i Dan hrvatske knjige.<\/span><\/p>\n<p><em><a href=\"http:\/\/osnovnaskolamalinskadubasnica.hr\/?p=15485\" target=\"_blank\" rel=\"noopener noreferrer\">Nastavi \u010ditati \u279d<\/a><\/em><\/p>\n<p>&nbsp;<\/p>\n","protected":false},"excerpt":{"rendered":"<p>\u010citateljski piknik \u010cetvrtak, 15. lipnja, bio je poseban dan za na\u0161 \u010ditateljski klub. Bio je to posljednji susret ove nastavne godine i opro\u0161taj od osma\u0161ica koje su u \u010ditateljskome klubu od njegovih po\u010detaka. Nastavi \u010ditati \u279d ________________________________________________________ Snimanje videonajava knjiga &hellip; <a href=\"https:\/\/osnovnaskolamalinskadubasnica.hr\/?page_id=15838\">Nastavi \u010ditati <span class=\"meta-nav\">&rarr;<\/span><\/a><\/p>\n","protected":false},"author":1,"featured_media":0,"parent":0,"menu_order":0,"comment_status":"closed","ping_status":"closed","template":"","meta":{"footnotes":""},"class_list":["post-15838","page","type-page","status-publish","hentry"],"yoast_head":"<!-- This site is optimized with the Yoast SEO plugin v27.5 - https:\/\/yoast.com\/product\/yoast-seo-wordpress\/ -->\n<title>\u010citateljski klub Dub - Osnovna \u0161kola Malinska-Duba\u0161nica<\/title>\n<meta name=\"robots\" content=\"index, follow, max-snippet:-1, max-image-preview:large, max-video-preview:-1\" \/>\n<link rel=\"canonical\" href=\"http:\/\/osnovnaskolamalinskadubasnica.hr\/?page_id=15838\" \/>\n<meta property=\"og:locale\" content=\"hr_HR\" \/>\n<meta property=\"og:type\" content=\"article\" \/>\n<meta property=\"og:title\" content=\"\u010citateljski klub Dub - Osnovna \u0161kola Malinska-Duba\u0161nica\" \/>\n<meta property=\"og:description\" content=\"\u010citateljski piknik \u010cetvrtak, 15. lipnja, bio je poseban dan za na\u0161 \u010ditateljski klub. Bio je to posljednji susret ove nastavne godine i opro\u0161taj od osma\u0161ica koje su u \u010ditateljskome klubu od njegovih po\u010detaka. Nastavi \u010ditati \u279d ________________________________________________________ Snimanje videonajava knjiga &hellip; Nastavi \u010ditati &rarr;\" \/>\n<meta property=\"og:url\" content=\"http:\/\/osnovnaskolamalinskadubasnica.hr\/?page_id=15838\" \/>\n<meta property=\"og:site_name\" content=\"Osnovna \u0161kola Malinska-Duba\u0161nica\" \/>\n<meta property=\"article:publisher\" content=\"https:\/\/www.facebook.com\/osmalinskadubasnica\/\" \/>\n<meta property=\"article:modified_time\" content=\"2023-06-22T14:19:08+00:00\" \/>\n<meta property=\"og:image\" content=\"http:\/\/osnovnaskolamalinskadubasnica.hr\/wp-content\/uploads\/piknik-23-web.jpg\" \/>\n<meta name=\"twitter:card\" content=\"summary_large_image\" \/>\n<meta name=\"twitter:label1\" content=\"Procijenjeno vrijeme \u010ditanja\" \/>\n\t<meta name=\"twitter:data1\" content=\"3 minute\" \/>\n<script type=\"application\/ld+json\" class=\"yoast-schema-graph\">{\"@context\":\"https:\\\/\\\/schema.org\",\"@graph\":[{\"@type\":\"WebPage\",\"@id\":\"http:\\\/\\\/osnovnaskolamalinskadubasnica.hr\\\/?page_id=15838\",\"url\":\"http:\\\/\\\/osnovnaskolamalinskadubasnica.hr\\\/?page_id=15838\",\"name\":\"\u010citateljski klub Dub - Osnovna \u0161kola Malinska-Duba\u0161nica\",\"isPartOf\":{\"@id\":\"http:\\\/\\\/osnovnaskolamalinskadubasnica.hr\\\/#website\"},\"primaryImageOfPage\":{\"@id\":\"http:\\\/\\\/osnovnaskolamalinskadubasnica.hr\\\/?page_id=15838#primaryimage\"},\"image\":{\"@id\":\"http:\\\/\\\/osnovnaskolamalinskadubasnica.hr\\\/?page_id=15838#primaryimage\"},\"thumbnailUrl\":\"http:\\\/\\\/osnovnaskolamalinskadubasnica.hr\\\/wp-content\\\/uploads\\\/piknik-23-web.jpg\",\"datePublished\":\"2019-05-17T20:24:13+00:00\",\"dateModified\":\"2023-06-22T14:19:08+00:00\",\"breadcrumb\":{\"@id\":\"http:\\\/\\\/osnovnaskolamalinskadubasnica.hr\\\/?page_id=15838#breadcrumb\"},\"inLanguage\":\"hr\",\"potentialAction\":[{\"@type\":\"ReadAction\",\"target\":[\"http:\\\/\\\/osnovnaskolamalinskadubasnica.hr\\\/?page_id=15838\"]}]},{\"@type\":\"ImageObject\",\"inLanguage\":\"hr\",\"@id\":\"http:\\\/\\\/osnovnaskolamalinskadubasnica.hr\\\/?page_id=15838#primaryimage\",\"url\":\"https:\\\/\\\/osnovnaskolamalinskadubasnica.hr\\\/wp-content\\\/uploads\\\/piknik-23-web.jpg\",\"contentUrl\":\"https:\\\/\\\/osnovnaskolamalinskadubasnica.hr\\\/wp-content\\\/uploads\\\/piknik-23-web.jpg\",\"width\":921,\"height\":690},{\"@type\":\"BreadcrumbList\",\"@id\":\"http:\\\/\\\/osnovnaskolamalinskadubasnica.hr\\\/?page_id=15838#breadcrumb\",\"itemListElement\":[{\"@type\":\"ListItem\",\"position\":1,\"name\":\"Po\u010detna stranica\",\"item\":\"http:\\\/\\\/osnovnaskolamalinskadubasnica.hr\\\/\"},{\"@type\":\"ListItem\",\"position\":2,\"name\":\"\u010citateljski klub Dub\"}]},{\"@type\":\"WebSite\",\"@id\":\"http:\\\/\\\/osnovnaskolamalinskadubasnica.hr\\\/#website\",\"url\":\"http:\\\/\\\/osnovnaskolamalinskadubasnica.hr\\\/\",\"name\":\"Osnovna \u0161kola Malinska-Duba\u0161nica\",\"description\":\"\",\"potentialAction\":[{\"@type\":\"SearchAction\",\"target\":{\"@type\":\"EntryPoint\",\"urlTemplate\":\"http:\\\/\\\/osnovnaskolamalinskadubasnica.hr\\\/?s={search_term_string}\"},\"query-input\":{\"@type\":\"PropertyValueSpecification\",\"valueRequired\":true,\"valueName\":\"search_term_string\"}}],\"inLanguage\":\"hr\"}]}<\/script>\n<!-- \/ Yoast SEO plugin. -->","yoast_head_json":{"title":"\u010citateljski klub Dub - Osnovna \u0161kola Malinska-Duba\u0161nica","robots":{"index":"index","follow":"follow","max-snippet":"max-snippet:-1","max-image-preview":"max-image-preview:large","max-video-preview":"max-video-preview:-1"},"canonical":"http:\/\/osnovnaskolamalinskadubasnica.hr\/?page_id=15838","og_locale":"hr_HR","og_type":"article","og_title":"\u010citateljski klub Dub - Osnovna \u0161kola Malinska-Duba\u0161nica","og_description":"\u010citateljski piknik \u010cetvrtak, 15. lipnja, bio je poseban dan za na\u0161 \u010ditateljski klub. Bio je to posljednji susret ove nastavne godine i opro\u0161taj od osma\u0161ica koje su u \u010ditateljskome klubu od njegovih po\u010detaka. Nastavi \u010ditati \u279d ________________________________________________________ Snimanje videonajava knjiga &hellip; Nastavi \u010ditati &rarr;","og_url":"http:\/\/osnovnaskolamalinskadubasnica.hr\/?page_id=15838","og_site_name":"Osnovna \u0161kola Malinska-Duba\u0161nica","article_publisher":"https:\/\/www.facebook.com\/osmalinskadubasnica\/","article_modified_time":"2023-06-22T14:19:08+00:00","og_image":[{"url":"http:\/\/osnovnaskolamalinskadubasnica.hr\/wp-content\/uploads\/piknik-23-web.jpg","type":"","width":"","height":""}],"twitter_card":"summary_large_image","twitter_misc":{"Procijenjeno vrijeme \u010ditanja":"3 minute"},"schema":{"@context":"https:\/\/schema.org","@graph":[{"@type":"WebPage","@id":"http:\/\/osnovnaskolamalinskadubasnica.hr\/?page_id=15838","url":"http:\/\/osnovnaskolamalinskadubasnica.hr\/?page_id=15838","name":"\u010citateljski klub Dub - Osnovna \u0161kola Malinska-Duba\u0161nica","isPartOf":{"@id":"http:\/\/osnovnaskolamalinskadubasnica.hr\/#website"},"primaryImageOfPage":{"@id":"http:\/\/osnovnaskolamalinskadubasnica.hr\/?page_id=15838#primaryimage"},"image":{"@id":"http:\/\/osnovnaskolamalinskadubasnica.hr\/?page_id=15838#primaryimage"},"thumbnailUrl":"http:\/\/osnovnaskolamalinskadubasnica.hr\/wp-content\/uploads\/piknik-23-web.jpg","datePublished":"2019-05-17T20:24:13+00:00","dateModified":"2023-06-22T14:19:08+00:00","breadcrumb":{"@id":"http:\/\/osnovnaskolamalinskadubasnica.hr\/?page_id=15838#breadcrumb"},"inLanguage":"hr","potentialAction":[{"@type":"ReadAction","target":["http:\/\/osnovnaskolamalinskadubasnica.hr\/?page_id=15838"]}]},{"@type":"ImageObject","inLanguage":"hr","@id":"http:\/\/osnovnaskolamalinskadubasnica.hr\/?page_id=15838#primaryimage","url":"https:\/\/osnovnaskolamalinskadubasnica.hr\/wp-content\/uploads\/piknik-23-web.jpg","contentUrl":"https:\/\/osnovnaskolamalinskadubasnica.hr\/wp-content\/uploads\/piknik-23-web.jpg","width":921,"height":690},{"@type":"BreadcrumbList","@id":"http:\/\/osnovnaskolamalinskadubasnica.hr\/?page_id=15838#breadcrumb","itemListElement":[{"@type":"ListItem","position":1,"name":"Po\u010detna stranica","item":"http:\/\/osnovnaskolamalinskadubasnica.hr\/"},{"@type":"ListItem","position":2,"name":"\u010citateljski klub Dub"}]},{"@type":"WebSite","@id":"http:\/\/osnovnaskolamalinskadubasnica.hr\/#website","url":"http:\/\/osnovnaskolamalinskadubasnica.hr\/","name":"Osnovna \u0161kola Malinska-Duba\u0161nica","description":"","potentialAction":[{"@type":"SearchAction","target":{"@type":"EntryPoint","urlTemplate":"http:\/\/osnovnaskolamalinskadubasnica.hr\/?s={search_term_string}"},"query-input":{"@type":"PropertyValueSpecification","valueRequired":true,"valueName":"search_term_string"}}],"inLanguage":"hr"}]}},"_links":{"self":[{"href":"https:\/\/osnovnaskolamalinskadubasnica.hr\/index.php?rest_route=\/wp\/v2\/pages\/15838","targetHints":{"allow":["GET"]}}],"collection":[{"href":"https:\/\/osnovnaskolamalinskadubasnica.hr\/index.php?rest_route=\/wp\/v2\/pages"}],"about":[{"href":"https:\/\/osnovnaskolamalinskadubasnica.hr\/index.php?rest_route=\/wp\/v2\/types\/page"}],"author":[{"embeddable":true,"href":"https:\/\/osnovnaskolamalinskadubasnica.hr\/index.php?rest_route=\/wp\/v2\/users\/1"}],"replies":[{"embeddable":true,"href":"https:\/\/osnovnaskolamalinskadubasnica.hr\/index.php?rest_route=%2Fwp%2Fv2%2Fcomments&post=15838"}],"version-history":[{"count":10,"href":"https:\/\/osnovnaskolamalinskadubasnica.hr\/index.php?rest_route=\/wp\/v2\/pages\/15838\/revisions"}],"predecessor-version":[{"id":25354,"href":"https:\/\/osnovnaskolamalinskadubasnica.hr\/index.php?rest_route=\/wp\/v2\/pages\/15838\/revisions\/25354"}],"wp:attachment":[{"href":"https:\/\/osnovnaskolamalinskadubasnica.hr\/index.php?rest_route=%2Fwp%2Fv2%2Fmedia&parent=15838"}],"curies":[{"name":"wp","href":"https:\/\/api.w.org\/{rel}","templated":true}]}}