{"id":17431,"date":"2020-02-11T20:35:46","date_gmt":"2020-02-11T19:35:46","guid":{"rendered":"http:\/\/osnovnaskolamalinskadubasnica.hr\/?page_id=17431"},"modified":"2020-02-11T20:35:46","modified_gmt":"2020-02-11T19:35:46","slug":"prvi-kupaci-iz-malinske-na-rijeckom-korzu","status":"publish","type":"page","link":"http:\/\/osnovnaskolamalinskadubasnica.hr\/?page_id=17431","title":{"rendered":"Prvi kupa\u010di iz Malinske na rije\u010dkom Korzu"},"content":{"rendered":"<p style=\"text-align: justify;\"><span style=\"color: #000000;\">Ma\u0161karana skupina na\u0161e \u0161kole na Dje\u010djem karnevalu u Rijeci, 8. velja\u010de 2020.<\/span><\/p>\n<div id='gallery-1' class='gallery galleryid-17431 gallery-columns-3 gallery-size-thumbnail'><dl class='gallery-item'>\n\t\t\t<dt class='gallery-icon landscape'>\n\t\t\t\t<a href='http:\/\/osnovnaskolamalinskadubasnica.hr\/wp-content\/uploads\/Dje\u010dji-Karneval-08.02.2020._15.jpg' title=\"\" data-rl_title=\"\" class=\"rl-gallery-link\" data-rl_caption=\"\" data-rel=\"lightbox-gallery-1\"><img loading=\"lazy\" decoding=\"async\" width=\"150\" height=\"150\" src=\"http:\/\/osnovnaskolamalinskadubasnica.hr\/wp-content\/uploads\/Dje\u010dji-Karneval-08.02.2020._15-150x150.jpg\" class=\"attachment-thumbnail size-thumbnail\" alt=\"\" \/><\/a>\n\t\t\t<\/dt><\/dl><dl class='gallery-item'>\n\t\t\t<dt class='gallery-icon landscape'>\n\t\t\t\t<a href='http:\/\/osnovnaskolamalinskadubasnica.hr\/wp-content\/uploads\/image-0-02-0a-00c4d190d82457bb01cbe2380db1210720f25973c873e73ee2bf65b1a9218c8a-V.jpg' title=\"\" data-rl_title=\"\" class=\"rl-gallery-link\" data-rl_caption=\"\" data-rel=\"lightbox-gallery-1\"><img loading=\"lazy\" decoding=\"async\" width=\"150\" height=\"150\" src=\"http:\/\/osnovnaskolamalinskadubasnica.hr\/wp-content\/uploads\/image-0-02-0a-00c4d190d82457bb01cbe2380db1210720f25973c873e73ee2bf65b1a9218c8a-V-150x150.jpg\" class=\"attachment-thumbnail size-thumbnail\" alt=\"\" \/><\/a>\n\t\t\t<\/dt><\/dl><dl class='gallery-item'>\n\t\t\t<dt class='gallery-icon landscape'>\n\t\t\t\t<a href='http:\/\/osnovnaskolamalinskadubasnica.hr\/wp-content\/uploads\/Dje\u010dji-Karneval-08.02.2020._44.jpg' title=\"\" data-rl_title=\"\" class=\"rl-gallery-link\" data-rl_caption=\"\" data-rel=\"lightbox-gallery-1\"><img loading=\"lazy\" decoding=\"async\" width=\"150\" height=\"150\" src=\"http:\/\/osnovnaskolamalinskadubasnica.hr\/wp-content\/uploads\/Dje\u010dji-Karneval-08.02.2020._44-150x150.jpg\" class=\"attachment-thumbnail size-thumbnail\" alt=\"\" \/><\/a>\n\t\t\t<\/dt><\/dl><br style=\"clear: both\" \/><dl class='gallery-item'>\n\t\t\t<dt class='gallery-icon landscape'>\n\t\t\t\t<a href='http:\/\/osnovnaskolamalinskadubasnica.hr\/wp-content\/uploads\/image-0-02-0a-914db92605f0bbb97f061919342e6f23d285acafd727129feed12457b2e589a7-V.jpg' title=\"\" data-rl_title=\"\" class=\"rl-gallery-link\" data-rl_caption=\"\" data-rel=\"lightbox-gallery-1\"><img loading=\"lazy\" decoding=\"async\" width=\"150\" height=\"150\" src=\"http:\/\/osnovnaskolamalinskadubasnica.hr\/wp-content\/uploads\/image-0-02-0a-914db92605f0bbb97f061919342e6f23d285acafd727129feed12457b2e589a7-V-150x150.jpg\" class=\"attachment-thumbnail size-thumbnail\" alt=\"\" \/><\/a>\n\t\t\t<\/dt><\/dl><dl class='gallery-item'>\n\t\t\t<dt class='gallery-icon portrait'>\n\t\t\t\t<a href='http:\/\/osnovnaskolamalinskadubasnica.hr\/wp-content\/uploads\/image-0-02-0a-cb30c49f117837847a2dabd2a1a5a4c48e1fbe32fb4e9071701a293617960a58-V.jpg' title=\"\" data-rl_title=\"\" class=\"rl-gallery-link\" data-rl_caption=\"\" data-rel=\"lightbox-gallery-1\"><img loading=\"lazy\" decoding=\"async\" width=\"150\" height=\"150\" src=\"http:\/\/osnovnaskolamalinskadubasnica.hr\/wp-content\/uploads\/image-0-02-0a-cb30c49f117837847a2dabd2a1a5a4c48e1fbe32fb4e9071701a293617960a58-V-150x150.jpg\" class=\"attachment-thumbnail size-thumbnail\" alt=\"\" \/><\/a>\n\t\t\t<\/dt><\/dl><dl class='gallery-item'>\n\t\t\t<dt class='gallery-icon landscape'>\n\t\t\t\t<a href='http:\/\/osnovnaskolamalinskadubasnica.hr\/wp-content\/uploads\/Dje\u010dji-Karneval-08.02.2020._103.jpg' title=\"\" data-rl_title=\"\" class=\"rl-gallery-link\" data-rl_caption=\"\" data-rel=\"lightbox-gallery-1\"><img loading=\"lazy\" decoding=\"async\" width=\"150\" height=\"150\" src=\"http:\/\/osnovnaskolamalinskadubasnica.hr\/wp-content\/uploads\/Dje\u010dji-Karneval-08.02.2020._103-150x150.jpg\" class=\"attachment-thumbnail size-thumbnail\" alt=\"\" \/><\/a>\n\t\t\t<\/dt><\/dl><br style=\"clear: both\" \/><dl class='gallery-item'>\n\t\t\t<dt class='gallery-icon landscape'>\n\t\t\t\t<a href='http:\/\/osnovnaskolamalinskadubasnica.hr\/wp-content\/uploads\/Dje\u010dji-Karneval-08.02.2020._62.jpg' title=\"\" data-rl_title=\"\" class=\"rl-gallery-link\" data-rl_caption=\"\" data-rel=\"lightbox-gallery-1\"><img loading=\"lazy\" decoding=\"async\" width=\"150\" height=\"150\" src=\"http:\/\/osnovnaskolamalinskadubasnica.hr\/wp-content\/uploads\/Dje\u010dji-Karneval-08.02.2020._62-150x150.jpg\" class=\"attachment-thumbnail size-thumbnail\" alt=\"\" \/><\/a>\n\t\t\t<\/dt><\/dl><dl class='gallery-item'>\n\t\t\t<dt class='gallery-icon landscape'>\n\t\t\t\t<a href='http:\/\/osnovnaskolamalinskadubasnica.hr\/wp-content\/uploads\/Dje\u010dji-Karneval-08.02.2020._25.jpg' title=\"\" data-rl_title=\"\" class=\"rl-gallery-link\" data-rl_caption=\"\" data-rel=\"lightbox-gallery-1\"><img loading=\"lazy\" decoding=\"async\" width=\"150\" height=\"150\" src=\"http:\/\/osnovnaskolamalinskadubasnica.hr\/wp-content\/uploads\/Dje\u010dji-Karneval-08.02.2020._25-150x150.jpg\" class=\"attachment-thumbnail size-thumbnail\" alt=\"\" \/><\/a>\n\t\t\t<\/dt><\/dl><dl class='gallery-item'>\n\t\t\t<dt class='gallery-icon landscape'>\n\t\t\t\t<a href='http:\/\/osnovnaskolamalinskadubasnica.hr\/wp-content\/uploads\/Dje\u010dji-Karneval-08.02.2020._63.jpg' title=\"\" data-rl_title=\"\" class=\"rl-gallery-link\" data-rl_caption=\"\" data-rel=\"lightbox-gallery-1\"><img loading=\"lazy\" decoding=\"async\" width=\"150\" height=\"150\" src=\"http:\/\/osnovnaskolamalinskadubasnica.hr\/wp-content\/uploads\/Dje\u010dji-Karneval-08.02.2020._63-150x150.jpg\" class=\"attachment-thumbnail size-thumbnail\" alt=\"\" \/><\/a>\n\t\t\t<\/dt><\/dl><br style=\"clear: both\" \/><dl class='gallery-item'>\n\t\t\t<dt class='gallery-icon portrait'>\n\t\t\t\t<a href='http:\/\/osnovnaskolamalinskadubasnica.hr\/wp-content\/uploads\/image-0-02-0a-0f2f4c81fb43e4549ad48a5e3afaf659fed620c20b9e74d53dcf07c737ff32ee-V.jpg' title=\"\" data-rl_title=\"\" class=\"rl-gallery-link\" data-rl_caption=\"\" data-rel=\"lightbox-gallery-1\"><img loading=\"lazy\" decoding=\"async\" width=\"150\" height=\"150\" src=\"http:\/\/osnovnaskolamalinskadubasnica.hr\/wp-content\/uploads\/image-0-02-0a-0f2f4c81fb43e4549ad48a5e3afaf659fed620c20b9e74d53dcf07c737ff32ee-V-150x150.jpg\" class=\"attachment-thumbnail size-thumbnail\" alt=\"\" \/><\/a>\n\t\t\t<\/dt><\/dl><dl class='gallery-item'>\n\t\t\t<dt class='gallery-icon landscape'>\n\t\t\t\t<a href='http:\/\/osnovnaskolamalinskadubasnica.hr\/wp-content\/uploads\/Dje\u010dji-Karneval-08.02.2020._33.jpg' title=\"\" data-rl_title=\"\" class=\"rl-gallery-link\" data-rl_caption=\"\" data-rel=\"lightbox-gallery-1\"><img loading=\"lazy\" decoding=\"async\" width=\"150\" height=\"150\" src=\"http:\/\/osnovnaskolamalinskadubasnica.hr\/wp-content\/uploads\/Dje\u010dji-Karneval-08.02.2020._33-150x150.jpg\" class=\"attachment-thumbnail size-thumbnail\" alt=\"\" \/><\/a>\n\t\t\t<\/dt><\/dl><dl class='gallery-item'>\n\t\t\t<dt class='gallery-icon landscape'>\n\t\t\t\t<a href='http:\/\/osnovnaskolamalinskadubasnica.hr\/wp-content\/uploads\/Dje\u010dji-Karneval-08.02.2020._37.jpg' title=\"\" data-rl_title=\"\" class=\"rl-gallery-link\" data-rl_caption=\"\" data-rel=\"lightbox-gallery-1\"><img loading=\"lazy\" decoding=\"async\" width=\"150\" height=\"150\" src=\"http:\/\/osnovnaskolamalinskadubasnica.hr\/wp-content\/uploads\/Dje\u010dji-Karneval-08.02.2020._37-150x150.jpg\" class=\"attachment-thumbnail size-thumbnail\" alt=\"\" \/><\/a>\n\t\t\t<\/dt><\/dl><br style=\"clear: both\" \/><dl class='gallery-item'>\n\t\t\t<dt class='gallery-icon landscape'>\n\t\t\t\t<a href='http:\/\/osnovnaskolamalinskadubasnica.hr\/wp-content\/uploads\/Dje\u010dji-Karneval-08.02.2020._39.jpg' title=\"\" data-rl_title=\"\" class=\"rl-gallery-link\" data-rl_caption=\"\" data-rel=\"lightbox-gallery-1\"><img loading=\"lazy\" decoding=\"async\" width=\"150\" height=\"150\" src=\"http:\/\/osnovnaskolamalinskadubasnica.hr\/wp-content\/uploads\/Dje\u010dji-Karneval-08.02.2020._39-150x150.jpg\" class=\"attachment-thumbnail size-thumbnail\" alt=\"\" \/><\/a>\n\t\t\t<\/dt><\/dl><dl class='gallery-item'>\n\t\t\t<dt class='gallery-icon landscape'>\n\t\t\t\t<a href='http:\/\/osnovnaskolamalinskadubasnica.hr\/wp-content\/uploads\/Dje\u010dji-Karneval-08.02.2020._86.jpg' title=\"\" data-rl_title=\"\" class=\"rl-gallery-link\" data-rl_caption=\"\" data-rel=\"lightbox-gallery-1\"><img loading=\"lazy\" decoding=\"async\" width=\"150\" height=\"150\" src=\"http:\/\/osnovnaskolamalinskadubasnica.hr\/wp-content\/uploads\/Dje\u010dji-Karneval-08.02.2020._86-150x150.jpg\" class=\"attachment-thumbnail size-thumbnail\" alt=\"\" \/><\/a>\n\t\t\t<\/dt><\/dl><dl class='gallery-item'>\n\t\t\t<dt class='gallery-icon landscape'>\n\t\t\t\t<a href='http:\/\/osnovnaskolamalinskadubasnica.hr\/wp-content\/uploads\/Dje\u010dji-Karneval-08.02.2020._109.jpg' title=\"\" data-rl_title=\"\" class=\"rl-gallery-link\" data-rl_caption=\"\" data-rel=\"lightbox-gallery-1\"><img loading=\"lazy\" decoding=\"async\" width=\"150\" height=\"150\" src=\"http:\/\/osnovnaskolamalinskadubasnica.hr\/wp-content\/uploads\/Dje\u010dji-Karneval-08.02.2020._109-150x150.jpg\" class=\"attachment-thumbnail size-thumbnail\" alt=\"\" \/><\/a>\n\t\t\t<\/dt><\/dl><br style=\"clear: both\" \/><dl class='gallery-item'>\n\t\t\t<dt class='gallery-icon portrait'>\n\t\t\t\t<a href='http:\/\/osnovnaskolamalinskadubasnica.hr\/wp-content\/uploads\/image-0-02-0a-1bc1818d9629eda74abc1821a5f100ae9d9e3f35b9535eb7b544468764427072-V.jpg' title=\"\" data-rl_title=\"\" class=\"rl-gallery-link\" data-rl_caption=\"\" data-rel=\"lightbox-gallery-1\"><img loading=\"lazy\" decoding=\"async\" width=\"150\" height=\"150\" src=\"http:\/\/osnovnaskolamalinskadubasnica.hr\/wp-content\/uploads\/image-0-02-0a-1bc1818d9629eda74abc1821a5f100ae9d9e3f35b9535eb7b544468764427072-V-150x150.jpg\" class=\"attachment-thumbnail size-thumbnail\" alt=\"\" \/><\/a>\n\t\t\t<\/dt><\/dl><dl class='gallery-item'>\n\t\t\t<dt class='gallery-icon landscape'>\n\t\t\t\t<a href='http:\/\/osnovnaskolamalinskadubasnica.hr\/wp-content\/uploads\/image-0-02-0a-f41427f9035d7a44752d2319d07c0b46eaa0c4861129fb158f38d015591844a6-V.jpg' title=\"\" data-rl_title=\"\" class=\"rl-gallery-link\" data-rl_caption=\"\" data-rel=\"lightbox-gallery-1\"><img loading=\"lazy\" decoding=\"async\" width=\"150\" height=\"150\" src=\"http:\/\/osnovnaskolamalinskadubasnica.hr\/wp-content\/uploads\/image-0-02-0a-f41427f9035d7a44752d2319d07c0b46eaa0c4861129fb158f38d015591844a6-V-150x150.jpg\" class=\"attachment-thumbnail size-thumbnail\" alt=\"\" \/><\/a>\n\t\t\t<\/dt><\/dl><dl class='gallery-item'>\n\t\t\t<dt class='gallery-icon portrait'>\n\t\t\t\t<a href='http:\/\/osnovnaskolamalinskadubasnica.hr\/wp-content\/uploads\/Dje\u010dji-Karneval-08.02.2020._126.jpg' title=\"\" data-rl_title=\"\" class=\"rl-gallery-link\" data-rl_caption=\"\" data-rel=\"lightbox-gallery-1\"><img loading=\"lazy\" decoding=\"async\" width=\"150\" height=\"150\" src=\"http:\/\/osnovnaskolamalinskadubasnica.hr\/wp-content\/uploads\/Dje\u010dji-Karneval-08.02.2020._126-150x150.jpg\" class=\"attachment-thumbnail size-thumbnail\" alt=\"\" \/><\/a>\n\t\t\t<\/dt><\/dl><br style=\"clear: both\" \/><dl class='gallery-item'>\n\t\t\t<dt class='gallery-icon landscape'>\n\t\t\t\t<a href='http:\/\/osnovnaskolamalinskadubasnica.hr\/wp-content\/uploads\/Dje\u010dji-Karneval-08.02.2020._59.jpg' title=\"\" data-rl_title=\"\" class=\"rl-gallery-link\" data-rl_caption=\"\" data-rel=\"lightbox-gallery-1\"><img loading=\"lazy\" decoding=\"async\" width=\"150\" height=\"150\" src=\"http:\/\/osnovnaskolamalinskadubasnica.hr\/wp-content\/uploads\/Dje\u010dji-Karneval-08.02.2020._59-150x150.jpg\" class=\"attachment-thumbnail size-thumbnail\" alt=\"\" \/><\/a>\n\t\t\t<\/dt><\/dl><dl class='gallery-item'>\n\t\t\t<dt class='gallery-icon portrait'>\n\t\t\t\t<a href='http:\/\/osnovnaskolamalinskadubasnica.hr\/wp-content\/uploads\/image-0-02-0a-e7f0e2d1b906ab317c8fcb314bf7e460d76a72bb541379e7a3bac8869731715d-V.jpg' title=\"\" data-rl_title=\"\" class=\"rl-gallery-link\" data-rl_caption=\"\" data-rel=\"lightbox-gallery-1\"><img loading=\"lazy\" decoding=\"async\" width=\"150\" height=\"150\" src=\"http:\/\/osnovnaskolamalinskadubasnica.hr\/wp-content\/uploads\/image-0-02-0a-e7f0e2d1b906ab317c8fcb314bf7e460d76a72bb541379e7a3bac8869731715d-V-150x150.jpg\" class=\"attachment-thumbnail size-thumbnail\" alt=\"\" \/><\/a>\n\t\t\t<\/dt><\/dl><dl class='gallery-item'>\n\t\t\t<dt class='gallery-icon landscape'>\n\t\t\t\t<a href='http:\/\/osnovnaskolamalinskadubasnica.hr\/wp-content\/uploads\/Dje\u010dji-Karneval-08.02.2020._68.jpg' title=\"\" data-rl_title=\"\" class=\"rl-gallery-link\" data-rl_caption=\"\" data-rel=\"lightbox-gallery-1\"><img loading=\"lazy\" decoding=\"async\" width=\"150\" height=\"150\" src=\"http:\/\/osnovnaskolamalinskadubasnica.hr\/wp-content\/uploads\/Dje\u010dji-Karneval-08.02.2020._68-150x150.jpg\" class=\"attachment-thumbnail size-thumbnail\" alt=\"\" \/><\/a>\n\t\t\t<\/dt><\/dl><br style=\"clear: both\" \/><dl class='gallery-item'>\n\t\t\t<dt class='gallery-icon portrait'>\n\t\t\t\t<a href='http:\/\/osnovnaskolamalinskadubasnica.hr\/wp-content\/uploads\/Dje\u010dji-Karneval-08.02.2020._127.jpg' title=\"\" data-rl_title=\"\" class=\"rl-gallery-link\" data-rl_caption=\"\" data-rel=\"lightbox-gallery-1\"><img loading=\"lazy\" decoding=\"async\" width=\"150\" height=\"150\" src=\"http:\/\/osnovnaskolamalinskadubasnica.hr\/wp-content\/uploads\/Dje\u010dji-Karneval-08.02.2020._127-150x150.jpg\" class=\"attachment-thumbnail size-thumbnail\" alt=\"\" \/><\/a>\n\t\t\t<\/dt><\/dl><dl class='gallery-item'>\n\t\t\t<dt class='gallery-icon landscape'>\n\t\t\t\t<a href='http:\/\/osnovnaskolamalinskadubasnica.hr\/wp-content\/uploads\/Dje\u010dji-Karneval-08.02.2020._42.jpg' title=\"\" data-rl_title=\"\" class=\"rl-gallery-link\" data-rl_caption=\"\" data-rel=\"lightbox-gallery-1\"><img loading=\"lazy\" decoding=\"async\" width=\"150\" height=\"150\" src=\"http:\/\/osnovnaskolamalinskadubasnica.hr\/wp-content\/uploads\/Dje\u010dji-Karneval-08.02.2020._42-150x150.jpg\" class=\"attachment-thumbnail size-thumbnail\" alt=\"\" \/><\/a>\n\t\t\t<\/dt><\/dl><dl class='gallery-item'>\n\t\t\t<dt class='gallery-icon portrait'>\n\t\t\t\t<a href='http:\/\/osnovnaskolamalinskadubasnica.hr\/wp-content\/uploads\/Dje\u010dji-Karneval-08.02.2020._129.jpg' title=\"\" data-rl_title=\"\" class=\"rl-gallery-link\" data-rl_caption=\"\" data-rel=\"lightbox-gallery-1\"><img loading=\"lazy\" decoding=\"async\" width=\"150\" height=\"150\" src=\"http:\/\/osnovnaskolamalinskadubasnica.hr\/wp-content\/uploads\/Dje\u010dji-Karneval-08.02.2020._129-150x150.jpg\" class=\"attachment-thumbnail size-thumbnail\" alt=\"\" \/><\/a>\n\t\t\t<\/dt><\/dl><br style=\"clear: both\" \/><dl class='gallery-item'>\n\t\t\t<dt class='gallery-icon portrait'>\n\t\t\t\t<a href='http:\/\/osnovnaskolamalinskadubasnica.hr\/wp-content\/uploads\/image-0-02-05-f7c9d7b8dade936ba8f45346101e5bc67141369c84477053b80a2c0f4c42e7d1-V.jpg' title=\"\" data-rl_title=\"\" class=\"rl-gallery-link\" data-rl_caption=\"\" data-rel=\"lightbox-gallery-1\"><img loading=\"lazy\" decoding=\"async\" width=\"150\" height=\"150\" src=\"http:\/\/osnovnaskolamalinskadubasnica.hr\/wp-content\/uploads\/image-0-02-05-f7c9d7b8dade936ba8f45346101e5bc67141369c84477053b80a2c0f4c42e7d1-V-150x150.jpg\" class=\"attachment-thumbnail size-thumbnail\" alt=\"\" \/><\/a>\n\t\t\t<\/dt><\/dl><dl class='gallery-item'>\n\t\t\t<dt class='gallery-icon landscape'>\n\t\t\t\t<a href='http:\/\/osnovnaskolamalinskadubasnica.hr\/wp-content\/uploads\/Dje\u010dji-Karneval-08.02.2020._30.jpg' title=\"\" data-rl_title=\"\" class=\"rl-gallery-link\" data-rl_caption=\"\" data-rel=\"lightbox-gallery-1\"><img loading=\"lazy\" decoding=\"async\" width=\"150\" height=\"150\" src=\"http:\/\/osnovnaskolamalinskadubasnica.hr\/wp-content\/uploads\/Dje\u010dji-Karneval-08.02.2020._30-150x150.jpg\" class=\"attachment-thumbnail size-thumbnail\" alt=\"\" \/><\/a>\n\t\t\t<\/dt><\/dl><dl class='gallery-item'>\n\t\t\t<dt class='gallery-icon landscape'>\n\t\t\t\t<a href='http:\/\/osnovnaskolamalinskadubasnica.hr\/wp-content\/uploads\/Dje\u010dji-Karneval-08.02.2020._120.jpg' title=\"\" data-rl_title=\"\" class=\"rl-gallery-link\" data-rl_caption=\"\" data-rel=\"lightbox-gallery-1\"><img loading=\"lazy\" decoding=\"async\" width=\"150\" height=\"150\" src=\"http:\/\/osnovnaskolamalinskadubasnica.hr\/wp-content\/uploads\/Dje\u010dji-Karneval-08.02.2020._120-150x150.jpg\" class=\"attachment-thumbnail size-thumbnail\" alt=\"\" \/><\/a>\n\t\t\t<\/dt><\/dl><br style=\"clear: both\" \/><dl class='gallery-item'>\n\t\t\t<dt class='gallery-icon landscape'>\n\t\t\t\t<a href='http:\/\/osnovnaskolamalinskadubasnica.hr\/wp-content\/uploads\/Dje\u010dji-Karneval-08.02.2020._80.jpg' title=\"\" data-rl_title=\"\" class=\"rl-gallery-link\" data-rl_caption=\"\" data-rel=\"lightbox-gallery-1\"><img loading=\"lazy\" decoding=\"async\" width=\"150\" height=\"150\" src=\"http:\/\/osnovnaskolamalinskadubasnica.hr\/wp-content\/uploads\/Dje\u010dji-Karneval-08.02.2020._80-150x150.jpg\" class=\"attachment-thumbnail size-thumbnail\" alt=\"\" \/><\/a>\n\t\t\t<\/dt><\/dl><dl class='gallery-item'>\n\t\t\t<dt class='gallery-icon landscape'>\n\t\t\t\t<a href='http:\/\/osnovnaskolamalinskadubasnica.hr\/wp-content\/uploads\/Dje\u010dji-Karneval-08.02.2020._114.jpg' title=\"\" data-rl_title=\"\" class=\"rl-gallery-link\" data-rl_caption=\"\" data-rel=\"lightbox-gallery-1\"><img loading=\"lazy\" decoding=\"async\" width=\"150\" height=\"150\" src=\"http:\/\/osnovnaskolamalinskadubasnica.hr\/wp-content\/uploads\/Dje\u010dji-Karneval-08.02.2020._114-150x150.jpg\" class=\"attachment-thumbnail size-thumbnail\" alt=\"\" \/><\/a>\n\t\t\t<\/dt><\/dl><dl class='gallery-item'>\n\t\t\t<dt class='gallery-icon landscape'>\n\t\t\t\t<a href='http:\/\/osnovnaskolamalinskadubasnica.hr\/wp-content\/uploads\/Dje\u010dji-Karneval-08.02.2020._82.jpg' title=\"\" data-rl_title=\"\" class=\"rl-gallery-link\" data-rl_caption=\"\" data-rel=\"lightbox-gallery-1\"><img loading=\"lazy\" decoding=\"async\" width=\"150\" height=\"150\" src=\"http:\/\/osnovnaskolamalinskadubasnica.hr\/wp-content\/uploads\/Dje\u010dji-Karneval-08.02.2020._82-150x150.jpg\" class=\"attachment-thumbnail size-thumbnail\" alt=\"\" \/><\/a>\n\t\t\t<\/dt><\/dl><br style=\"clear: both\" \/><dl class='gallery-item'>\n\t\t\t<dt class='gallery-icon landscape'>\n\t\t\t\t<a href='http:\/\/osnovnaskolamalinskadubasnica.hr\/wp-content\/uploads\/Dje\u010dji-Karneval-08.02.2020._124.jpg' title=\"\" data-rl_title=\"\" class=\"rl-gallery-link\" data-rl_caption=\"\" data-rel=\"lightbox-gallery-1\"><img loading=\"lazy\" decoding=\"async\" width=\"150\" height=\"150\" src=\"http:\/\/osnovnaskolamalinskadubasnica.hr\/wp-content\/uploads\/Dje\u010dji-Karneval-08.02.2020._124-150x150.jpg\" class=\"attachment-thumbnail size-thumbnail\" alt=\"\" \/><\/a>\n\t\t\t<\/dt><\/dl><dl class='gallery-item'>\n\t\t\t<dt class='gallery-icon landscape'>\n\t\t\t\t<a href='http:\/\/osnovnaskolamalinskadubasnica.hr\/wp-content\/uploads\/Dje\u010dji-Karneval-08.02.2020._18.jpg' title=\"\" data-rl_title=\"\" class=\"rl-gallery-link\" data-rl_caption=\"\" data-rel=\"lightbox-gallery-1\"><img loading=\"lazy\" decoding=\"async\" width=\"150\" height=\"150\" src=\"http:\/\/osnovnaskolamalinskadubasnica.hr\/wp-content\/uploads\/Dje\u010dji-Karneval-08.02.2020._18-150x150.jpg\" class=\"attachment-thumbnail size-thumbnail\" alt=\"\" \/><\/a>\n\t\t\t<\/dt><\/dl><dl class='gallery-item'>\n\t\t\t<dt class='gallery-icon landscape'>\n\t\t\t\t<a href='http:\/\/osnovnaskolamalinskadubasnica.hr\/wp-content\/uploads\/Dje\u010dji-Karneval-08.02.2020._57.jpg' title=\"\" data-rl_title=\"\" class=\"rl-gallery-link\" data-rl_caption=\"\" data-rel=\"lightbox-gallery-1\"><img loading=\"lazy\" decoding=\"async\" width=\"150\" height=\"150\" src=\"http:\/\/osnovnaskolamalinskadubasnica.hr\/wp-content\/uploads\/Dje\u010dji-Karneval-08.02.2020._57-150x150.jpg\" class=\"attachment-thumbnail size-thumbnail\" alt=\"\" \/><\/a>\n\t\t\t<\/dt><\/dl><br style=\"clear: both\" \/><dl class='gallery-item'>\n\t\t\t<dt class='gallery-icon portrait'>\n\t\t\t\t<a href='http:\/\/osnovnaskolamalinskadubasnica.hr\/wp-content\/uploads\/image-0-02-0a-0b85dd4ab6a8f12677b40e7f4f1790c42318c0255a95a78133bdd1e767919a1c-V.jpg' title=\"\" data-rl_title=\"\" class=\"rl-gallery-link\" data-rl_caption=\"\" data-rel=\"lightbox-gallery-1\"><img loading=\"lazy\" decoding=\"async\" width=\"150\" height=\"150\" src=\"http:\/\/osnovnaskolamalinskadubasnica.hr\/wp-content\/uploads\/image-0-02-0a-0b85dd4ab6a8f12677b40e7f4f1790c42318c0255a95a78133bdd1e767919a1c-V-150x150.jpg\" class=\"attachment-thumbnail size-thumbnail\" alt=\"\" \/><\/a>\n\t\t\t<\/dt><\/dl><dl class='gallery-item'>\n\t\t\t<dt class='gallery-icon landscape'>\n\t\t\t\t<a href='http:\/\/osnovnaskolamalinskadubasnica.hr\/wp-content\/uploads\/Dje\u010dji-Karneval-08.02.2020._131.jpg' title=\"\" data-rl_title=\"\" class=\"rl-gallery-link\" data-rl_caption=\"\" data-rel=\"lightbox-gallery-1\"><img loading=\"lazy\" decoding=\"async\" width=\"150\" height=\"150\" src=\"http:\/\/osnovnaskolamalinskadubasnica.hr\/wp-content\/uploads\/Dje\u010dji-Karneval-08.02.2020._131-150x150.jpg\" class=\"attachment-thumbnail size-thumbnail\" alt=\"\" \/><\/a>\n\t\t\t<\/dt><\/dl><dl class='gallery-item'>\n\t\t\t<dt class='gallery-icon landscape'>\n\t\t\t\t<a href='http:\/\/osnovnaskolamalinskadubasnica.hr\/wp-content\/uploads\/Dje\u010dji-Karneval-08.02.2020._132.jpg' title=\"\" data-rl_title=\"\" class=\"rl-gallery-link\" data-rl_caption=\"\" data-rel=\"lightbox-gallery-1\"><img loading=\"lazy\" decoding=\"async\" width=\"150\" height=\"150\" src=\"http:\/\/osnovnaskolamalinskadubasnica.hr\/wp-content\/uploads\/Dje\u010dji-Karneval-08.02.2020._132-150x150.jpg\" class=\"attachment-thumbnail size-thumbnail\" alt=\"\" \/><\/a>\n\t\t\t<\/dt><\/dl><br style=\"clear: both\" \/><dl class='gallery-item'>\n\t\t\t<dt class='gallery-icon landscape'>\n\t\t\t\t<a href='http:\/\/osnovnaskolamalinskadubasnica.hr\/wp-content\/uploads\/Dje\u010dji-Karneval-08.02.2020._133.jpg' title=\"\" data-rl_title=\"\" class=\"rl-gallery-link\" data-rl_caption=\"\" data-rel=\"lightbox-gallery-1\"><img loading=\"lazy\" decoding=\"async\" width=\"150\" height=\"150\" src=\"http:\/\/osnovnaskolamalinskadubasnica.hr\/wp-content\/uploads\/Dje\u010dji-Karneval-08.02.2020._133-150x150.jpg\" class=\"attachment-thumbnail size-thumbnail\" alt=\"\" \/><\/a>\n\t\t\t<\/dt><\/dl><dl class='gallery-item'>\n\t\t\t<dt class='gallery-icon landscape'>\n\t\t\t\t<a href='http:\/\/osnovnaskolamalinskadubasnica.hr\/wp-content\/uploads\/Dje\u010dji-Karneval-08.02.2020._134.jpg' title=\"\" data-rl_title=\"\" class=\"rl-gallery-link\" data-rl_caption=\"\" data-rel=\"lightbox-gallery-1\"><img loading=\"lazy\" decoding=\"async\" width=\"150\" height=\"150\" src=\"http:\/\/osnovnaskolamalinskadubasnica.hr\/wp-content\/uploads\/Dje\u010dji-Karneval-08.02.2020._134-150x150.jpg\" class=\"attachment-thumbnail size-thumbnail\" alt=\"\" \/><\/a>\n\t\t\t<\/dt><\/dl><dl class='gallery-item'>\n\t\t\t<dt class='gallery-icon landscape'>\n\t\t\t\t<a href='http:\/\/osnovnaskolamalinskadubasnica.hr\/wp-content\/uploads\/Dje\u010dji-Karneval-08.02.2020._136.jpg' title=\"\" data-rl_title=\"\" class=\"rl-gallery-link\" data-rl_caption=\"\" data-rel=\"lightbox-gallery-1\"><img loading=\"lazy\" decoding=\"async\" width=\"150\" height=\"150\" src=\"http:\/\/osnovnaskolamalinskadubasnica.hr\/wp-content\/uploads\/Dje\u010dji-Karneval-08.02.2020._136-150x150.jpg\" class=\"attachment-thumbnail size-thumbnail\" alt=\"\" \/><\/a>\n\t\t\t<\/dt><\/dl><br style=\"clear: both\" \/><dl class='gallery-item'>\n\t\t\t<dt class='gallery-icon landscape'>\n\t\t\t\t<a href='http:\/\/osnovnaskolamalinskadubasnica.hr\/wp-content\/uploads\/Dje\u010dji-Karneval-08.02.2020._143.jpg' title=\"\" data-rl_title=\"\" class=\"rl-gallery-link\" data-rl_caption=\"\" data-rel=\"lightbox-gallery-1\"><img loading=\"lazy\" decoding=\"async\" width=\"150\" height=\"150\" src=\"http:\/\/osnovnaskolamalinskadubasnica.hr\/wp-content\/uploads\/Dje\u010dji-Karneval-08.02.2020._143-150x150.jpg\" class=\"attachment-thumbnail size-thumbnail\" alt=\"\" \/><\/a>\n\t\t\t<\/dt><\/dl><dl class='gallery-item'>\n\t\t\t<dt class='gallery-icon landscape'>\n\t\t\t\t<a href='http:\/\/osnovnaskolamalinskadubasnica.hr\/wp-content\/uploads\/Dje\u010dji-Karneval-08.02.2020._149.jpg' title=\"\" data-rl_title=\"\" class=\"rl-gallery-link\" data-rl_caption=\"\" data-rel=\"lightbox-gallery-1\"><img loading=\"lazy\" decoding=\"async\" width=\"150\" height=\"150\" src=\"http:\/\/osnovnaskolamalinskadubasnica.hr\/wp-content\/uploads\/Dje\u010dji-Karneval-08.02.2020._149-150x150.jpg\" class=\"attachment-thumbnail size-thumbnail\" alt=\"\" \/><\/a>\n\t\t\t<\/dt><\/dl><dl class='gallery-item'>\n\t\t\t<dt class='gallery-icon landscape'>\n\t\t\t\t<a href='http:\/\/osnovnaskolamalinskadubasnica.hr\/wp-content\/uploads\/Dje\u010dji-Karneval-08.02.2020._151.jpg' title=\"\" data-rl_title=\"\" class=\"rl-gallery-link\" data-rl_caption=\"\" data-rel=\"lightbox-gallery-1\"><img loading=\"lazy\" decoding=\"async\" width=\"150\" height=\"150\" src=\"http:\/\/osnovnaskolamalinskadubasnica.hr\/wp-content\/uploads\/Dje\u010dji-Karneval-08.02.2020._151-150x150.jpg\" class=\"attachment-thumbnail size-thumbnail\" alt=\"\" \/><\/a>\n\t\t\t<\/dt><\/dl><br style=\"clear: both\" \/><dl class='gallery-item'>\n\t\t\t<dt class='gallery-icon landscape'>\n\t\t\t\t<a href='http:\/\/osnovnaskolamalinskadubasnica.hr\/wp-content\/uploads\/Dje\u010dji-Karneval-08.02.2020._163.jpg' title=\"\" data-rl_title=\"\" class=\"rl-gallery-link\" data-rl_caption=\"\" data-rel=\"lightbox-gallery-1\"><img loading=\"lazy\" decoding=\"async\" width=\"150\" height=\"150\" src=\"http:\/\/osnovnaskolamalinskadubasnica.hr\/wp-content\/uploads\/Dje\u010dji-Karneval-08.02.2020._163-150x150.jpg\" class=\"attachment-thumbnail size-thumbnail\" alt=\"\" \/><\/a>\n\t\t\t<\/dt><\/dl><dl class='gallery-item'>\n\t\t\t<dt class='gallery-icon landscape'>\n\t\t\t\t<a href='http:\/\/osnovnaskolamalinskadubasnica.hr\/wp-content\/uploads\/Dje\u010dji-Karneval-08.02.2020._164.jpg' title=\"\" data-rl_title=\"\" class=\"rl-gallery-link\" data-rl_caption=\"\" data-rel=\"lightbox-gallery-1\"><img loading=\"lazy\" decoding=\"async\" width=\"150\" height=\"150\" src=\"http:\/\/osnovnaskolamalinskadubasnica.hr\/wp-content\/uploads\/Dje\u010dji-Karneval-08.02.2020._164-150x150.jpg\" class=\"attachment-thumbnail size-thumbnail\" alt=\"\" \/><\/a>\n\t\t\t<\/dt><\/dl><dl class='gallery-item'>\n\t\t\t<dt class='gallery-icon landscape'>\n\t\t\t\t<a href='http:\/\/osnovnaskolamalinskadubasnica.hr\/wp-content\/uploads\/Dje\u010dji-Karneval-08.02.2020._165.jpg' title=\"\" data-rl_title=\"\" class=\"rl-gallery-link\" data-rl_caption=\"\" data-rel=\"lightbox-gallery-1\"><img loading=\"lazy\" decoding=\"async\" width=\"150\" height=\"150\" src=\"http:\/\/osnovnaskolamalinskadubasnica.hr\/wp-content\/uploads\/Dje\u010dji-Karneval-08.02.2020._165-150x150.jpg\" class=\"attachment-thumbnail size-thumbnail\" alt=\"\" \/><\/a>\n\t\t\t<\/dt><\/dl><br style=\"clear: both\" \/><dl class='gallery-item'>\n\t\t\t<dt class='gallery-icon landscape'>\n\t\t\t\t<a href='http:\/\/osnovnaskolamalinskadubasnica.hr\/wp-content\/uploads\/Dje\u010dji-Karneval-08.02.2020._166.jpg' title=\"\" data-rl_title=\"\" class=\"rl-gallery-link\" data-rl_caption=\"\" data-rel=\"lightbox-gallery-1\"><img loading=\"lazy\" decoding=\"async\" width=\"150\" height=\"150\" src=\"http:\/\/osnovnaskolamalinskadubasnica.hr\/wp-content\/uploads\/Dje\u010dji-Karneval-08.02.2020._166-150x150.jpg\" class=\"attachment-thumbnail size-thumbnail\" alt=\"\" \/><\/a>\n\t\t\t<\/dt><\/dl><dl class='gallery-item'>\n\t\t\t<dt class='gallery-icon landscape'>\n\t\t\t\t<a href='http:\/\/osnovnaskolamalinskadubasnica.hr\/wp-content\/uploads\/Dje\u010dji-Karneval-08.02.2020._167.jpg' title=\"\" data-rl_title=\"\" class=\"rl-gallery-link\" data-rl_caption=\"\" data-rel=\"lightbox-gallery-1\"><img loading=\"lazy\" decoding=\"async\" width=\"150\" height=\"150\" src=\"http:\/\/osnovnaskolamalinskadubasnica.hr\/wp-content\/uploads\/Dje\u010dji-Karneval-08.02.2020._167-150x150.jpg\" class=\"attachment-thumbnail size-thumbnail\" alt=\"\" \/><\/a>\n\t\t\t<\/dt><\/dl><dl class='gallery-item'>\n\t\t\t<dt class='gallery-icon landscape'>\n\t\t\t\t<a href='http:\/\/osnovnaskolamalinskadubasnica.hr\/wp-content\/uploads\/Dje\u010dji-Karneval-08.02.2020._172.jpg' title=\"\" data-rl_title=\"\" class=\"rl-gallery-link\" data-rl_caption=\"\" data-rel=\"lightbox-gallery-1\"><img loading=\"lazy\" decoding=\"async\" width=\"150\" height=\"150\" src=\"http:\/\/osnovnaskolamalinskadubasnica.hr\/wp-content\/uploads\/Dje\u010dji-Karneval-08.02.2020._172-150x150.jpg\" class=\"attachment-thumbnail size-thumbnail\" alt=\"\" \/><\/a>\n\t\t\t<\/dt><\/dl><br style=\"clear: both\" \/><dl class='gallery-item'>\n\t\t\t<dt class='gallery-icon landscape'>\n\t\t\t\t<a href='http:\/\/osnovnaskolamalinskadubasnica.hr\/wp-content\/uploads\/Dje\u010dji-Karneval-08.02.2020._176.jpg' title=\"\" data-rl_title=\"\" class=\"rl-gallery-link\" data-rl_caption=\"\" data-rel=\"lightbox-gallery-1\"><img loading=\"lazy\" decoding=\"async\" width=\"150\" height=\"150\" src=\"http:\/\/osnovnaskolamalinskadubasnica.hr\/wp-content\/uploads\/Dje\u010dji-Karneval-08.02.2020._176-150x150.jpg\" class=\"attachment-thumbnail size-thumbnail\" alt=\"\" \/><\/a>\n\t\t\t<\/dt><\/dl><dl class='gallery-item'>\n\t\t\t<dt class='gallery-icon landscape'>\n\t\t\t\t<a href='http:\/\/osnovnaskolamalinskadubasnica.hr\/wp-content\/uploads\/Dje\u010dji-Karneval-08.02.2020._180.jpg' title=\"\" data-rl_title=\"\" class=\"rl-gallery-link\" data-rl_caption=\"\" data-rel=\"lightbox-gallery-1\"><img loading=\"lazy\" decoding=\"async\" width=\"150\" height=\"150\" src=\"http:\/\/osnovnaskolamalinskadubasnica.hr\/wp-content\/uploads\/Dje\u010dji-Karneval-08.02.2020._180-150x150.jpg\" class=\"attachment-thumbnail size-thumbnail\" alt=\"\" \/><\/a>\n\t\t\t<\/dt><\/dl><dl class='gallery-item'>\n\t\t\t<dt class='gallery-icon landscape'>\n\t\t\t\t<a href='http:\/\/osnovnaskolamalinskadubasnica.hr\/wp-content\/uploads\/Dje\u010dji-Karneval-08.02.2020._191.jpg' title=\"\" data-rl_title=\"\" class=\"rl-gallery-link\" data-rl_caption=\"\" data-rel=\"lightbox-gallery-1\"><img loading=\"lazy\" decoding=\"async\" width=\"150\" height=\"150\" src=\"http:\/\/osnovnaskolamalinskadubasnica.hr\/wp-content\/uploads\/Dje\u010dji-Karneval-08.02.2020._191-150x150.jpg\" class=\"attachment-thumbnail size-thumbnail\" alt=\"\" \/><\/a>\n\t\t\t<\/dt><\/dl><br style=\"clear: both\" \/><dl class='gallery-item'>\n\t\t\t<dt class='gallery-icon landscape'>\n\t\t\t\t<a href='http:\/\/osnovnaskolamalinskadubasnica.hr\/wp-content\/uploads\/Dje\u010dji-Karneval-08.02.2020._193.jpg' title=\"\" data-rl_title=\"\" class=\"rl-gallery-link\" data-rl_caption=\"\" data-rel=\"lightbox-gallery-1\"><img loading=\"lazy\" decoding=\"async\" width=\"150\" height=\"150\" src=\"http:\/\/osnovnaskolamalinskadubasnica.hr\/wp-content\/uploads\/Dje\u010dji-Karneval-08.02.2020._193-150x150.jpg\" class=\"attachment-thumbnail size-thumbnail\" alt=\"\" \/><\/a>\n\t\t\t<\/dt><\/dl><dl class='gallery-item'>\n\t\t\t<dt class='gallery-icon landscape'>\n\t\t\t\t<a href='http:\/\/osnovnaskolamalinskadubasnica.hr\/wp-content\/uploads\/Dje\u010dji-Karneval-08.02.2020._198.jpg' title=\"\" data-rl_title=\"\" class=\"rl-gallery-link\" data-rl_caption=\"\" data-rel=\"lightbox-gallery-1\"><img loading=\"lazy\" decoding=\"async\" width=\"150\" height=\"150\" src=\"http:\/\/osnovnaskolamalinskadubasnica.hr\/wp-content\/uploads\/Dje\u010dji-Karneval-08.02.2020._198-150x150.jpg\" class=\"attachment-thumbnail size-thumbnail\" alt=\"\" \/><\/a>\n\t\t\t<\/dt><\/dl><dl class='gallery-item'>\n\t\t\t<dt class='gallery-icon landscape'>\n\t\t\t\t<a href='http:\/\/osnovnaskolamalinskadubasnica.hr\/wp-content\/uploads\/Dje\u010dji-Karneval-08.02.2020._199.jpg' title=\"\" data-rl_title=\"\" class=\"rl-gallery-link\" data-rl_caption=\"\" data-rel=\"lightbox-gallery-1\"><img loading=\"lazy\" decoding=\"async\" width=\"150\" height=\"150\" src=\"http:\/\/osnovnaskolamalinskadubasnica.hr\/wp-content\/uploads\/Dje\u010dji-Karneval-08.02.2020._199-150x150.jpg\" class=\"attachment-thumbnail size-thumbnail\" alt=\"\" \/><\/a>\n\t\t\t<\/dt><\/dl><br style=\"clear: both\" \/><dl class='gallery-item'>\n\t\t\t<dt class='gallery-icon landscape'>\n\t\t\t\t<a href='http:\/\/osnovnaskolamalinskadubasnica.hr\/wp-content\/uploads\/Dje\u010dji-Karneval-08.02.2020._204.jpg' title=\"\" data-rl_title=\"\" class=\"rl-gallery-link\" data-rl_caption=\"\" data-rel=\"lightbox-gallery-1\"><img loading=\"lazy\" decoding=\"async\" width=\"150\" height=\"150\" src=\"http:\/\/osnovnaskolamalinskadubasnica.hr\/wp-content\/uploads\/Dje\u010dji-Karneval-08.02.2020._204-150x150.jpg\" class=\"attachment-thumbnail size-thumbnail\" alt=\"\" \/><\/a>\n\t\t\t<\/dt><\/dl><dl class='gallery-item'>\n\t\t\t<dt class='gallery-icon landscape'>\n\t\t\t\t<a href='http:\/\/osnovnaskolamalinskadubasnica.hr\/wp-content\/uploads\/Dje\u010dji-Karneval-08.02.2020._208.jpg' title=\"\" data-rl_title=\"\" class=\"rl-gallery-link\" data-rl_caption=\"\" data-rel=\"lightbox-gallery-1\"><img loading=\"lazy\" decoding=\"async\" width=\"150\" height=\"150\" src=\"http:\/\/osnovnaskolamalinskadubasnica.hr\/wp-content\/uploads\/Dje\u010dji-Karneval-08.02.2020._208-150x150.jpg\" class=\"attachment-thumbnail size-thumbnail\" alt=\"\" \/><\/a>\n\t\t\t<\/dt><\/dl><dl class='gallery-item'>\n\t\t\t<dt class='gallery-icon landscape'>\n\t\t\t\t<a href='http:\/\/osnovnaskolamalinskadubasnica.hr\/wp-content\/uploads\/Dje\u010dji-Karneval-08.02.2020._212.jpg' title=\"\" data-rl_title=\"\" class=\"rl-gallery-link\" data-rl_caption=\"\" data-rel=\"lightbox-gallery-1\"><img loading=\"lazy\" decoding=\"async\" width=\"150\" height=\"150\" src=\"http:\/\/osnovnaskolamalinskadubasnica.hr\/wp-content\/uploads\/Dje\u010dji-Karneval-08.02.2020._212-150x150.jpg\" class=\"attachment-thumbnail size-thumbnail\" alt=\"\" \/><\/a>\n\t\t\t<\/dt><\/dl><br style=\"clear: both\" \/><dl class='gallery-item'>\n\t\t\t<dt class='gallery-icon landscape'>\n\t\t\t\t<a href='http:\/\/osnovnaskolamalinskadubasnica.hr\/wp-content\/uploads\/Dje\u010dji-Karneval-08.02.2020._215.jpg' title=\"\" data-rl_title=\"\" class=\"rl-gallery-link\" data-rl_caption=\"\" data-rel=\"lightbox-gallery-1\"><img loading=\"lazy\" decoding=\"async\" width=\"150\" height=\"150\" src=\"http:\/\/osnovnaskolamalinskadubasnica.hr\/wp-content\/uploads\/Dje\u010dji-Karneval-08.02.2020._215-150x150.jpg\" class=\"attachment-thumbnail size-thumbnail\" alt=\"\" \/><\/a>\n\t\t\t<\/dt><\/dl><dl class='gallery-item'>\n\t\t\t<dt class='gallery-icon landscape'>\n\t\t\t\t<a href='http:\/\/osnovnaskolamalinskadubasnica.hr\/wp-content\/uploads\/Dje\u010dji-Karneval-08.02.2020._219.jpg' title=\"\" data-rl_title=\"\" class=\"rl-gallery-link\" data-rl_caption=\"\" data-rel=\"lightbox-gallery-1\"><img loading=\"lazy\" decoding=\"async\" width=\"150\" height=\"150\" src=\"http:\/\/osnovnaskolamalinskadubasnica.hr\/wp-content\/uploads\/Dje\u010dji-Karneval-08.02.2020._219-150x150.jpg\" class=\"attachment-thumbnail size-thumbnail\" alt=\"\" \/><\/a>\n\t\t\t<\/dt><\/dl><dl class='gallery-item'>\n\t\t\t<dt class='gallery-icon landscape'>\n\t\t\t\t<a href='http:\/\/osnovnaskolamalinskadubasnica.hr\/wp-content\/uploads\/Dje\u010dji-Karneval-08.02.2020._225.jpg' title=\"\" data-rl_title=\"\" class=\"rl-gallery-link\" data-rl_caption=\"\" data-rel=\"lightbox-gallery-1\"><img loading=\"lazy\" decoding=\"async\" width=\"150\" height=\"150\" src=\"http:\/\/osnovnaskolamalinskadubasnica.hr\/wp-content\/uploads\/Dje\u010dji-Karneval-08.02.2020._225-150x150.jpg\" class=\"attachment-thumbnail size-thumbnail\" alt=\"\" \/><\/a>\n\t\t\t<\/dt><\/dl><br style=\"clear: both\" \/><dl class='gallery-item'>\n\t\t\t<dt class='gallery-icon landscape'>\n\t\t\t\t<a href='http:\/\/osnovnaskolamalinskadubasnica.hr\/wp-content\/uploads\/Dje\u010dji-Karneval-08.02.2020._228.jpg' title=\"\" data-rl_title=\"\" class=\"rl-gallery-link\" data-rl_caption=\"\" data-rel=\"lightbox-gallery-1\"><img loading=\"lazy\" decoding=\"async\" width=\"150\" height=\"150\" src=\"http:\/\/osnovnaskolamalinskadubasnica.hr\/wp-content\/uploads\/Dje\u010dji-Karneval-08.02.2020._228-150x150.jpg\" class=\"attachment-thumbnail size-thumbnail\" alt=\"\" \/><\/a>\n\t\t\t<\/dt><\/dl><dl class='gallery-item'>\n\t\t\t<dt class='gallery-icon landscape'>\n\t\t\t\t<a href='http:\/\/osnovnaskolamalinskadubasnica.hr\/wp-content\/uploads\/Dje\u010dji-Karneval-08.02.2020._234.jpg' title=\"\" data-rl_title=\"\" class=\"rl-gallery-link\" data-rl_caption=\"\" data-rel=\"lightbox-gallery-1\"><img loading=\"lazy\" decoding=\"async\" width=\"150\" height=\"150\" src=\"http:\/\/osnovnaskolamalinskadubasnica.hr\/wp-content\/uploads\/Dje\u010dji-Karneval-08.02.2020._234-150x150.jpg\" class=\"attachment-thumbnail size-thumbnail\" alt=\"\" \/><\/a>\n\t\t\t<\/dt><\/dl><dl class='gallery-item'>\n\t\t\t<dt class='gallery-icon landscape'>\n\t\t\t\t<a href='http:\/\/osnovnaskolamalinskadubasnica.hr\/wp-content\/uploads\/Dje\u010dji-Karneval-08.02.2020._237.jpg' title=\"\" data-rl_title=\"\" class=\"rl-gallery-link\" data-rl_caption=\"\" data-rel=\"lightbox-gallery-1\"><img loading=\"lazy\" decoding=\"async\" width=\"150\" height=\"150\" src=\"http:\/\/osnovnaskolamalinskadubasnica.hr\/wp-content\/uploads\/Dje\u010dji-Karneval-08.02.2020._237-150x150.jpg\" class=\"attachment-thumbnail size-thumbnail\" alt=\"\" \/><\/a>\n\t\t\t<\/dt><\/dl><br style=\"clear: both\" \/><dl class='gallery-item'>\n\t\t\t<dt class='gallery-icon landscape'>\n\t\t\t\t<a href='http:\/\/osnovnaskolamalinskadubasnica.hr\/wp-content\/uploads\/Dje\u010dji-Karneval-08.02.2020._240.jpg' title=\"\" data-rl_title=\"\" class=\"rl-gallery-link\" data-rl_caption=\"\" data-rel=\"lightbox-gallery-1\"><img loading=\"lazy\" decoding=\"async\" width=\"150\" height=\"150\" src=\"http:\/\/osnovnaskolamalinskadubasnica.hr\/wp-content\/uploads\/Dje\u010dji-Karneval-08.02.2020._240-150x150.jpg\" class=\"attachment-thumbnail size-thumbnail\" alt=\"\" \/><\/a>\n\t\t\t<\/dt><\/dl><dl class='gallery-item'>\n\t\t\t<dt class='gallery-icon landscape'>\n\t\t\t\t<a href='http:\/\/osnovnaskolamalinskadubasnica.hr\/wp-content\/uploads\/Dje\u010dji-Karneval-08.02.2020._243.jpg' title=\"\" data-rl_title=\"\" class=\"rl-gallery-link\" data-rl_caption=\"\" data-rel=\"lightbox-gallery-1\"><img loading=\"lazy\" decoding=\"async\" width=\"150\" height=\"150\" src=\"http:\/\/osnovnaskolamalinskadubasnica.hr\/wp-content\/uploads\/Dje\u010dji-Karneval-08.02.2020._243-150x150.jpg\" class=\"attachment-thumbnail size-thumbnail\" alt=\"\" \/><\/a>\n\t\t\t<\/dt><\/dl><dl class='gallery-item'>\n\t\t\t<dt class='gallery-icon landscape'>\n\t\t\t\t<a href='http:\/\/osnovnaskolamalinskadubasnica.hr\/wp-content\/uploads\/Dje\u010dji-Karneval-08.02.2020._255.jpg' title=\"\" data-rl_title=\"\" class=\"rl-gallery-link\" data-rl_caption=\"\" data-rel=\"lightbox-gallery-1\"><img loading=\"lazy\" decoding=\"async\" width=\"150\" height=\"150\" src=\"http:\/\/osnovnaskolamalinskadubasnica.hr\/wp-content\/uploads\/Dje\u010dji-Karneval-08.02.2020._255-150x150.jpg\" class=\"attachment-thumbnail size-thumbnail\" alt=\"\" \/><\/a>\n\t\t\t<\/dt><\/dl><br style=\"clear: both\" \/><dl class='gallery-item'>\n\t\t\t<dt class='gallery-icon landscape'>\n\t\t\t\t<a href='http:\/\/osnovnaskolamalinskadubasnica.hr\/wp-content\/uploads\/Dje\u010dji-Karneval-08.02.2020._259.jpg' title=\"\" data-rl_title=\"\" class=\"rl-gallery-link\" data-rl_caption=\"\" data-rel=\"lightbox-gallery-1\"><img loading=\"lazy\" decoding=\"async\" width=\"150\" height=\"150\" src=\"http:\/\/osnovnaskolamalinskadubasnica.hr\/wp-content\/uploads\/Dje\u010dji-Karneval-08.02.2020._259-150x150.jpg\" class=\"attachment-thumbnail size-thumbnail\" alt=\"\" \/><\/a>\n\t\t\t<\/dt><\/dl><dl class='gallery-item'>\n\t\t\t<dt class='gallery-icon landscape'>\n\t\t\t\t<a href='http:\/\/osnovnaskolamalinskadubasnica.hr\/wp-content\/uploads\/Dje\u010dji-Karneval-08.02.2020._261.jpg' title=\"\" data-rl_title=\"\" class=\"rl-gallery-link\" data-rl_caption=\"\" data-rel=\"lightbox-gallery-1\"><img loading=\"lazy\" decoding=\"async\" width=\"150\" height=\"150\" src=\"http:\/\/osnovnaskolamalinskadubasnica.hr\/wp-content\/uploads\/Dje\u010dji-Karneval-08.02.2020._261-150x150.jpg\" class=\"attachment-thumbnail size-thumbnail\" alt=\"\" \/><\/a>\n\t\t\t<\/dt><\/dl><dl class='gallery-item'>\n\t\t\t<dt class='gallery-icon landscape'>\n\t\t\t\t<a href='http:\/\/osnovnaskolamalinskadubasnica.hr\/wp-content\/uploads\/Dje\u010dji-Karneval-08.02.2020._263.jpg' title=\"\" data-rl_title=\"\" class=\"rl-gallery-link\" data-rl_caption=\"\" data-rel=\"lightbox-gallery-1\"><img loading=\"lazy\" decoding=\"async\" width=\"150\" height=\"150\" src=\"http:\/\/osnovnaskolamalinskadubasnica.hr\/wp-content\/uploads\/Dje\u010dji-Karneval-08.02.2020._263-150x150.jpg\" class=\"attachment-thumbnail size-thumbnail\" alt=\"\" \/><\/a>\n\t\t\t<\/dt><\/dl><br style=\"clear: both\" \/><dl class='gallery-item'>\n\t\t\t<dt class='gallery-icon landscape'>\n\t\t\t\t<a href='http:\/\/osnovnaskolamalinskadubasnica.hr\/wp-content\/uploads\/Dje\u010dji-Karneval-08.02.2020._264.jpg' title=\"\" data-rl_title=\"\" class=\"rl-gallery-link\" data-rl_caption=\"\" data-rel=\"lightbox-gallery-1\"><img loading=\"lazy\" decoding=\"async\" width=\"150\" height=\"150\" src=\"http:\/\/osnovnaskolamalinskadubasnica.hr\/wp-content\/uploads\/Dje\u010dji-Karneval-08.02.2020._264-150x150.jpg\" class=\"attachment-thumbnail size-thumbnail\" alt=\"\" \/><\/a>\n\t\t\t<\/dt><\/dl><dl class='gallery-item'>\n\t\t\t<dt class='gallery-icon landscape'>\n\t\t\t\t<a href='http:\/\/osnovnaskolamalinskadubasnica.hr\/wp-content\/uploads\/Dje\u010dji-Karneval-08.02.2020._268.jpg' title=\"\" data-rl_title=\"\" class=\"rl-gallery-link\" data-rl_caption=\"\" data-rel=\"lightbox-gallery-1\"><img loading=\"lazy\" decoding=\"async\" width=\"150\" height=\"150\" src=\"http:\/\/osnovnaskolamalinskadubasnica.hr\/wp-content\/uploads\/Dje\u010dji-Karneval-08.02.2020._268-150x150.jpg\" class=\"attachment-thumbnail size-thumbnail\" alt=\"\" \/><\/a>\n\t\t\t<\/dt><\/dl><dl class='gallery-item'>\n\t\t\t<dt class='gallery-icon landscape'>\n\t\t\t\t<a href='http:\/\/osnovnaskolamalinskadubasnica.hr\/wp-content\/uploads\/Dje\u010dji-Karneval-08.02.2020._271.jpg' title=\"\" data-rl_title=\"\" class=\"rl-gallery-link\" data-rl_caption=\"\" data-rel=\"lightbox-gallery-1\"><img loading=\"lazy\" decoding=\"async\" width=\"150\" height=\"150\" src=\"http:\/\/osnovnaskolamalinskadubasnica.hr\/wp-content\/uploads\/Dje\u010dji-Karneval-08.02.2020._271-150x150.jpg\" class=\"attachment-thumbnail size-thumbnail\" alt=\"\" \/><\/a>\n\t\t\t<\/dt><\/dl><br style=\"clear: both\" \/><dl class='gallery-item'>\n\t\t\t<dt class='gallery-icon landscape'>\n\t\t\t\t<a href='http:\/\/osnovnaskolamalinskadubasnica.hr\/wp-content\/uploads\/Dje\u010dji-Karneval-08.02.2020._272.jpg' title=\"\" data-rl_title=\"\" class=\"rl-gallery-link\" data-rl_caption=\"\" data-rel=\"lightbox-gallery-1\"><img loading=\"lazy\" decoding=\"async\" width=\"150\" height=\"150\" src=\"http:\/\/osnovnaskolamalinskadubasnica.hr\/wp-content\/uploads\/Dje\u010dji-Karneval-08.02.2020._272-150x150.jpg\" class=\"attachment-thumbnail size-thumbnail\" alt=\"\" \/><\/a>\n\t\t\t<\/dt><\/dl><dl class='gallery-item'>\n\t\t\t<dt class='gallery-icon landscape'>\n\t\t\t\t<a href='http:\/\/osnovnaskolamalinskadubasnica.hr\/wp-content\/uploads\/Dje\u010dji-Karneval-08.02.2020._274.jpg' title=\"\" data-rl_title=\"\" class=\"rl-gallery-link\" data-rl_caption=\"\" data-rel=\"lightbox-gallery-1\"><img loading=\"lazy\" decoding=\"async\" width=\"150\" height=\"150\" src=\"http:\/\/osnovnaskolamalinskadubasnica.hr\/wp-content\/uploads\/Dje\u010dji-Karneval-08.02.2020._274-150x150.jpg\" class=\"attachment-thumbnail size-thumbnail\" alt=\"\" \/><\/a>\n\t\t\t<\/dt><\/dl><dl class='gallery-item'>\n\t\t\t<dt class='gallery-icon landscape'>\n\t\t\t\t<a href='http:\/\/osnovnaskolamalinskadubasnica.hr\/wp-content\/uploads\/Dje\u010dji-Karneval-08.02.2020._276.jpg' title=\"\" data-rl_title=\"\" class=\"rl-gallery-link\" data-rl_caption=\"\" data-rel=\"lightbox-gallery-1\"><img loading=\"lazy\" decoding=\"async\" width=\"150\" height=\"150\" src=\"http:\/\/osnovnaskolamalinskadubasnica.hr\/wp-content\/uploads\/Dje\u010dji-Karneval-08.02.2020._276-150x150.jpg\" class=\"attachment-thumbnail size-thumbnail\" alt=\"\" \/><\/a>\n\t\t\t<\/dt><\/dl><br style=\"clear: both\" \/><dl class='gallery-item'>\n\t\t\t<dt class='gallery-icon landscape'>\n\t\t\t\t<a href='http:\/\/osnovnaskolamalinskadubasnica.hr\/wp-content\/uploads\/Dje\u010dji-Karneval-08.02.2020._280.jpg' title=\"\" data-rl_title=\"\" class=\"rl-gallery-link\" data-rl_caption=\"\" data-rel=\"lightbox-gallery-1\"><img loading=\"lazy\" decoding=\"async\" width=\"150\" height=\"150\" src=\"http:\/\/osnovnaskolamalinskadubasnica.hr\/wp-content\/uploads\/Dje\u010dji-Karneval-08.02.2020._280-150x150.jpg\" class=\"attachment-thumbnail size-thumbnail\" alt=\"\" \/><\/a>\n\t\t\t<\/dt><\/dl><dl class='gallery-item'>\n\t\t\t<dt class='gallery-icon landscape'>\n\t\t\t\t<a href='http:\/\/osnovnaskolamalinskadubasnica.hr\/wp-content\/uploads\/Dje\u010dji-Karneval-08.02.2020._282.jpg' title=\"\" data-rl_title=\"\" class=\"rl-gallery-link\" data-rl_caption=\"\" data-rel=\"lightbox-gallery-1\"><img loading=\"lazy\" decoding=\"async\" width=\"150\" height=\"150\" src=\"http:\/\/osnovnaskolamalinskadubasnica.hr\/wp-content\/uploads\/Dje\u010dji-Karneval-08.02.2020._282-150x150.jpg\" class=\"attachment-thumbnail size-thumbnail\" alt=\"\" \/><\/a>\n\t\t\t<\/dt><\/dl><dl class='gallery-item'>\n\t\t\t<dt class='gallery-icon landscape'>\n\t\t\t\t<a href='http:\/\/osnovnaskolamalinskadubasnica.hr\/wp-content\/uploads\/Dje\u010dji-Karneval-08.02.2020._284.jpg' title=\"\" data-rl_title=\"\" class=\"rl-gallery-link\" data-rl_caption=\"\" data-rel=\"lightbox-gallery-1\"><img loading=\"lazy\" decoding=\"async\" width=\"150\" height=\"150\" src=\"http:\/\/osnovnaskolamalinskadubasnica.hr\/wp-content\/uploads\/Dje\u010dji-Karneval-08.02.2020._284-150x150.jpg\" class=\"attachment-thumbnail size-thumbnail\" alt=\"\" \/><\/a>\n\t\t\t<\/dt><\/dl><br style=\"clear: both\" \/><dl class='gallery-item'>\n\t\t\t<dt class='gallery-icon landscape'>\n\t\t\t\t<a href='http:\/\/osnovnaskolamalinskadubasnica.hr\/wp-content\/uploads\/Dje\u010dji-Karneval-08.02.2020._291.jpg' title=\"\" data-rl_title=\"\" class=\"rl-gallery-link\" data-rl_caption=\"\" data-rel=\"lightbox-gallery-1\"><img loading=\"lazy\" decoding=\"async\" width=\"150\" height=\"150\" src=\"http:\/\/osnovnaskolamalinskadubasnica.hr\/wp-content\/uploads\/Dje\u010dji-Karneval-08.02.2020._291-150x150.jpg\" class=\"attachment-thumbnail size-thumbnail\" alt=\"\" \/><\/a>\n\t\t\t<\/dt><\/dl><dl class='gallery-item'>\n\t\t\t<dt class='gallery-icon landscape'>\n\t\t\t\t<a href='http:\/\/osnovnaskolamalinskadubasnica.hr\/wp-content\/uploads\/Dje\u010dji-Karneval-08.02.2020._292.jpg' title=\"\" data-rl_title=\"\" class=\"rl-gallery-link\" data-rl_caption=\"\" data-rel=\"lightbox-gallery-1\"><img loading=\"lazy\" decoding=\"async\" width=\"150\" height=\"150\" src=\"http:\/\/osnovnaskolamalinskadubasnica.hr\/wp-content\/uploads\/Dje\u010dji-Karneval-08.02.2020._292-150x150.jpg\" class=\"attachment-thumbnail size-thumbnail\" alt=\"\" \/><\/a>\n\t\t\t<\/dt><\/dl><dl class='gallery-item'>\n\t\t\t<dt class='gallery-icon landscape'>\n\t\t\t\t<a href='http:\/\/osnovnaskolamalinskadubasnica.hr\/wp-content\/uploads\/Dje\u010dji-Karneval-08.02.2020._19.jpg' title=\"\" data-rl_title=\"\" class=\"rl-gallery-link\" data-rl_caption=\"\" data-rel=\"lightbox-gallery-1\"><img loading=\"lazy\" decoding=\"async\" width=\"150\" height=\"150\" src=\"http:\/\/osnovnaskolamalinskadubasnica.hr\/wp-content\/uploads\/Dje\u010dji-Karneval-08.02.2020._19-150x150.jpg\" class=\"attachment-thumbnail size-thumbnail\" alt=\"\" \/><\/a>\n\t\t\t<\/dt><\/dl><br style=\"clear: both\" \/>\n\t\t<\/div>\n\n<p style=\"text-align: center;\"><span style=\"color: #000000;\">foto: David Ro\u0161i\u0107 i Mihaela Ko\u0161i\u0107<\/span><\/p>\n","protected":false},"excerpt":{"rendered":"<p>Ma\u0161karana skupina na\u0161e \u0161kole na Dje\u010djem karnevalu u Rijeci, 8. velja\u010de 2020. foto: David Ro\u0161i\u0107 i Mihaela Ko\u0161i\u0107<\/p>\n","protected":false},"author":1,"featured_media":0,"parent":0,"menu_order":0,"comment_status":"closed","ping_status":"closed","template":"","meta":{"footnotes":""},"class_list":["post-17431","page","type-page","status-publish","hentry"],"yoast_head":"<!-- This site is optimized with the Yoast SEO plugin v27.5 - https:\/\/yoast.com\/product\/yoast-seo-wordpress\/ -->\n<title>Prvi kupa\u010di iz Malinske na rije\u010dkom Korzu - Osnovna \u0161kola Malinska-Duba\u0161nica<\/title>\n<meta name=\"robots\" content=\"index, follow, max-snippet:-1, max-image-preview:large, max-video-preview:-1\" \/>\n<link rel=\"canonical\" href=\"http:\/\/osnovnaskolamalinskadubasnica.hr\/?page_id=17431\" \/>\n<meta property=\"og:locale\" content=\"hr_HR\" \/>\n<meta property=\"og:type\" content=\"article\" \/>\n<meta property=\"og:title\" content=\"Prvi kupa\u010di iz Malinske na rije\u010dkom Korzu - Osnovna \u0161kola Malinska-Duba\u0161nica\" \/>\n<meta property=\"og:description\" content=\"Ma\u0161karana skupina na\u0161e \u0161kole na Dje\u010djem karnevalu u Rijeci, 8. velja\u010de 2020. foto: David Ro\u0161i\u0107 i Mihaela Ko\u0161i\u0107\" \/>\n<meta property=\"og:url\" content=\"http:\/\/osnovnaskolamalinskadubasnica.hr\/?page_id=17431\" \/>\n<meta property=\"og:site_name\" content=\"Osnovna \u0161kola Malinska-Duba\u0161nica\" \/>\n<meta property=\"article:publisher\" content=\"https:\/\/www.facebook.com\/osmalinskadubasnica\/\" \/>\n<meta property=\"og:image\" content=\"http:\/\/osnovnaskolamalinskadubasnica.hr\/wp-content\/uploads\/Dje\u010dji-Karneval-08.02.2020._15-150x150.jpg\" \/>\n<meta name=\"twitter:card\" content=\"summary_large_image\" \/>\n<script type=\"application\/ld+json\" class=\"yoast-schema-graph\">{\"@context\":\"https:\\\/\\\/schema.org\",\"@graph\":[{\"@type\":\"WebPage\",\"@id\":\"http:\\\/\\\/osnovnaskolamalinskadubasnica.hr\\\/?page_id=17431\",\"url\":\"http:\\\/\\\/osnovnaskolamalinskadubasnica.hr\\\/?page_id=17431\",\"name\":\"Prvi kupa\u010di iz Malinske na rije\u010dkom Korzu - Osnovna \u0161kola Malinska-Duba\u0161nica\",\"isPartOf\":{\"@id\":\"https:\\\/\\\/osnovnaskolamalinskadubasnica.hr\\\/#website\"},\"datePublished\":\"2020-02-11T19:35:46+00:00\",\"breadcrumb\":{\"@id\":\"http:\\\/\\\/osnovnaskolamalinskadubasnica.hr\\\/?page_id=17431#breadcrumb\"},\"inLanguage\":\"hr\",\"potentialAction\":[{\"@type\":\"ReadAction\",\"target\":[\"http:\\\/\\\/osnovnaskolamalinskadubasnica.hr\\\/?page_id=17431\"]}]},{\"@type\":\"BreadcrumbList\",\"@id\":\"http:\\\/\\\/osnovnaskolamalinskadubasnica.hr\\\/?page_id=17431#breadcrumb\",\"itemListElement\":[{\"@type\":\"ListItem\",\"position\":1,\"name\":\"Po\u010detna stranica\",\"item\":\"https:\\\/\\\/osnovnaskolamalinskadubasnica.hr\\\/\"},{\"@type\":\"ListItem\",\"position\":2,\"name\":\"Prvi kupa\u010di iz Malinske na rije\u010dkom Korzu\"}]},{\"@type\":\"WebSite\",\"@id\":\"https:\\\/\\\/osnovnaskolamalinskadubasnica.hr\\\/#website\",\"url\":\"https:\\\/\\\/osnovnaskolamalinskadubasnica.hr\\\/\",\"name\":\"Osnovna \u0161kola Malinska-Duba\u0161nica\",\"description\":\"\",\"potentialAction\":[{\"@type\":\"SearchAction\",\"target\":{\"@type\":\"EntryPoint\",\"urlTemplate\":\"https:\\\/\\\/osnovnaskolamalinskadubasnica.hr\\\/?s={search_term_string}\"},\"query-input\":{\"@type\":\"PropertyValueSpecification\",\"valueRequired\":true,\"valueName\":\"search_term_string\"}}],\"inLanguage\":\"hr\"}]}<\/script>\n<!-- \/ Yoast SEO plugin. -->","yoast_head_json":{"title":"Prvi kupa\u010di iz Malinske na rije\u010dkom Korzu - Osnovna \u0161kola Malinska-Duba\u0161nica","robots":{"index":"index","follow":"follow","max-snippet":"max-snippet:-1","max-image-preview":"max-image-preview:large","max-video-preview":"max-video-preview:-1"},"canonical":"http:\/\/osnovnaskolamalinskadubasnica.hr\/?page_id=17431","og_locale":"hr_HR","og_type":"article","og_title":"Prvi kupa\u010di iz Malinske na rije\u010dkom Korzu - Osnovna \u0161kola Malinska-Duba\u0161nica","og_description":"Ma\u0161karana skupina na\u0161e \u0161kole na Dje\u010djem karnevalu u Rijeci, 8. velja\u010de 2020. foto: David Ro\u0161i\u0107 i Mihaela Ko\u0161i\u0107","og_url":"http:\/\/osnovnaskolamalinskadubasnica.hr\/?page_id=17431","og_site_name":"Osnovna \u0161kola Malinska-Duba\u0161nica","article_publisher":"https:\/\/www.facebook.com\/osmalinskadubasnica\/","og_image":[{"url":"http:\/\/osnovnaskolamalinskadubasnica.hr\/wp-content\/uploads\/Dje\u010dji-Karneval-08.02.2020._15-150x150.jpg","type":"","width":"","height":""}],"twitter_card":"summary_large_image","schema":{"@context":"https:\/\/schema.org","@graph":[{"@type":"WebPage","@id":"http:\/\/osnovnaskolamalinskadubasnica.hr\/?page_id=17431","url":"http:\/\/osnovnaskolamalinskadubasnica.hr\/?page_id=17431","name":"Prvi kupa\u010di iz Malinske na rije\u010dkom Korzu - Osnovna \u0161kola Malinska-Duba\u0161nica","isPartOf":{"@id":"https:\/\/osnovnaskolamalinskadubasnica.hr\/#website"},"datePublished":"2020-02-11T19:35:46+00:00","breadcrumb":{"@id":"http:\/\/osnovnaskolamalinskadubasnica.hr\/?page_id=17431#breadcrumb"},"inLanguage":"hr","potentialAction":[{"@type":"ReadAction","target":["http:\/\/osnovnaskolamalinskadubasnica.hr\/?page_id=17431"]}]},{"@type":"BreadcrumbList","@id":"http:\/\/osnovnaskolamalinskadubasnica.hr\/?page_id=17431#breadcrumb","itemListElement":[{"@type":"ListItem","position":1,"name":"Po\u010detna stranica","item":"https:\/\/osnovnaskolamalinskadubasnica.hr\/"},{"@type":"ListItem","position":2,"name":"Prvi kupa\u010di iz Malinske na rije\u010dkom Korzu"}]},{"@type":"WebSite","@id":"https:\/\/osnovnaskolamalinskadubasnica.hr\/#website","url":"https:\/\/osnovnaskolamalinskadubasnica.hr\/","name":"Osnovna \u0161kola Malinska-Duba\u0161nica","description":"","potentialAction":[{"@type":"SearchAction","target":{"@type":"EntryPoint","urlTemplate":"https:\/\/osnovnaskolamalinskadubasnica.hr\/?s={search_term_string}"},"query-input":{"@type":"PropertyValueSpecification","valueRequired":true,"valueName":"search_term_string"}}],"inLanguage":"hr"}]}},"_links":{"self":[{"href":"http:\/\/osnovnaskolamalinskadubasnica.hr\/index.php?rest_route=\/wp\/v2\/pages\/17431","targetHints":{"allow":["GET"]}}],"collection":[{"href":"http:\/\/osnovnaskolamalinskadubasnica.hr\/index.php?rest_route=\/wp\/v2\/pages"}],"about":[{"href":"http:\/\/osnovnaskolamalinskadubasnica.hr\/index.php?rest_route=\/wp\/v2\/types\/page"}],"author":[{"embeddable":true,"href":"http:\/\/osnovnaskolamalinskadubasnica.hr\/index.php?rest_route=\/wp\/v2\/users\/1"}],"replies":[{"embeddable":true,"href":"http:\/\/osnovnaskolamalinskadubasnica.hr\/index.php?rest_route=%2Fwp%2Fv2%2Fcomments&post=17431"}],"version-history":[{"count":1,"href":"http:\/\/osnovnaskolamalinskadubasnica.hr\/index.php?rest_route=\/wp\/v2\/pages\/17431\/revisions"}],"predecessor-version":[{"id":17432,"href":"http:\/\/osnovnaskolamalinskadubasnica.hr\/index.php?rest_route=\/wp\/v2\/pages\/17431\/revisions\/17432"}],"wp:attachment":[{"href":"http:\/\/osnovnaskolamalinskadubasnica.hr\/index.php?rest_route=%2Fwp%2Fv2%2Fmedia&parent=17431"}],"curies":[{"name":"wp","href":"https:\/\/api.w.org\/{rel}","templated":true}]}}